{"id":5,"date":"2018-03-30T09:20:42","date_gmt":"2018-03-30T07:20:42","guid":{"rendered":"http:\/\/www.lesmerveillesdupacifique.com\/prod\/?page_id=5"},"modified":"2025-04-14T11:30:37","modified_gmt":"2025-04-14T09:30:37","slug":"la-perle-de-culture-de-tahiti","status":"publish","type":"page","link":"https:\/\/www.lesmerveillesdupacifique.com\/it\/la-perle-de-culture-de-tahiti\/","title":{"rendered":"La perla di coltura di Tahiti"},"content":{"rendered":"<p>[vc_section full_width=&#8221;stretch_row&#8221; full_height=&#8221;yes&#8221; content_placement=&#8221;middle&#8221; css=&#8221;.vc_custom_1550242420866{background-image: url(http:\/\/www.lesmerveillesdupacifique.com\/wp-content\/uploads\/2019\/02\/perle-2.jpg?id=1389) !important;background-position: center !important;background-repeat: no-repeat !important;background-size: cover !important;}&#8221; el_class=&#8221;ripple-it&#8221;][vc_row][vc_column width=&#8221;1\/4&#8243;][\/vc_column][vc_column width=&#8221;1\/2&#8243;][vc_column_text el_class=&#8221;white-box-hero&#8221;]<\/p>\n<h1 style=\"text-align: center;\"><span style=\"color: #000;\">La<\/span>\u00a0<span style=\"color: #000000;\">perla di coltura di Tahiti<\/span><\/h1>\n<div style=\"text-align: center;\"><span lang=\"IT\">La perla di Tahiti deve la sua bellezza a tutto ci\u00f2 che di pi\u00f9 incantevole ha da offrire la natura e a una manodopera qualificata, in grado di svolgere un lavoro complesso e delicato come quello della perlicoltura.\u00a0<\/span><\/div>\n<p>[\/vc_column_text][\/vc_column][vc_column width=&#8221;1\/4&#8243;][\/vc_column][\/vc_row][\/vc_section][vc_section full_width=&#8221;stretch_row_content&#8221; css=&#8221;.vc_custom_1526544188055{margin: 0px !important;border-width: 0px !important;padding: 0px !important;background-color: #f9f9f9 !important;}&#8221;][vc_row full_width=&#8221;stretch_row_content_no_spaces&#8221; content_placement=&#8221;middle&#8221;][vc_column width=&#8221;1\/2&#8243; css=&#8221;.vc_custom_1526542990478{padding-right: 13% !important;padding-left: 13% !important;}&#8221;][vc_column_text]<\/p>\n<h2 style=\"text-align: center;\">Che cos\u2019\u00e8 la perla di Tahiti?<\/h2>\n<p style=\"text-align: center;\">La perla di Tahiti \u00e8 una perla coltivata esclusivamente nelle lagune della Polinesia e prodotta dall\u2019ostrica dalle labbra nere o <em>Pinctada margaritifera<\/em>.<br \/>\nPer formarsi ha bisogno della mano dell\u2019uomo, che procede all\u2019innesto \u2013 per questo viene definita perla di coltura. Tuttavia, dopo questo passaggio, il suo processo di sviluppo \u00e8 completamente naturale.<br \/>\nTra tutte le perle, la perla di Tahiti \u00e8 quella che vanta la pi\u00f9 ampia variet\u00e0 di colori. Pu\u00f2 essere verde, blu, grigia, nera, melanzana, bronzo, cioccolato, rosa, ecc.<\/p>\n<p style=\"text-align: center;\">Per tutelare l\u2019immagine e la qualit\u00e0 della perla di coltura di Tahiti, il governo polinesiano ha deciso di proibirne il ritaglio e il trattamento del colore.<br \/>\nQueste normative hanno fatto della perla di Tahiti una delle perle pi\u00f9 tutelate, e quindi pi\u00f9 ricercate, al mondo.<\/p>\n<p>[\/vc_column_text][\/vc_column][vc_column width=&#8221;1\/2&#8243;][vc_single_image image=&#8221;3239&#8243; img_size=&#8221;full&#8221; css=&#8221;.vc_custom_1618998230541{margin-bottom: 0px !important;}&#8221;][\/vc_column][\/vc_row][\/vc_section][vc_section full_width=&#8221;stretch_row_content&#8221; css=&#8221;.vc_custom_1526544230546{margin: 0px !important;border-width: 0px !important;padding: 0px !important;background-color: #f9f9f9 !important;}&#8221;][vc_row full_width=&#8221;stretch_row_content_no_spaces&#8221; content_placement=&#8221;middle&#8221;][vc_column width=&#8221;1\/2&#8243;][vc_column_text css=&#8221;.vc_custom_1598524898567{margin-bottom: 0px !important;}&#8221;]<\/p>\n<p><iframe loading=\"lazy\" title=\"La perliculture \u00e0 Tahiti\" width=\"1333\" height=\"1000\" src=\"https:\/\/www.youtube.com\/embed\/u6f5WMU4vJY?feature=oembed\" frameborder=\"0\" allow=\"accelerometer; autoplay; clipboard-write; encrypted-media; gyroscope; picture-in-picture; web-share\" referrerpolicy=\"strict-origin-when-cross-origin\" allowfullscreen><\/iframe><\/p>\n<p>[\/vc_column_text][\/vc_column][vc_column width=&#8221;1\/2&#8243; css=&#8221;.vc_custom_1526543139723{padding-right: 13% !important;padding-left: 13% !important;}&#8221;][vc_column_text]<\/p>\n<h2 style=\"text-align: center;\">La perlicoltura<\/h2>\n<p style=\"text-align: center;\">Un tempo, le perle si ottenevano esclusivamente per caso. Si trattava di perle fini o naturali.<br \/>\nLa perla di coltura \u00e8 nata all\u2019inizio del XX secolo in Giappone, per poi diffondersi in tutti gli arcipelaghi dell\u2019Oceano Pacifico.<\/p>\n<p style=\"text-align: center;\">La coltivazione della perla di Tahiti si \u00e8 sviluppata negli anni \u201860 nelle lagune della Polinesia.<\/p>\n<p style=\"text-align: center;\">Le perle naturali esistono ancor oggi ma, nonostante la loro rarit\u00e0, sono meno ricercate a causa della loro irregolarit\u00e0 e del costo proibitivo.<\/p>\n<p>[\/vc_column_text][\/vc_column][\/vc_row][\/vc_section][vc_section full_width=&#8221;stretch_row_content&#8221; css=&#8221;.vc_custom_1526556748513{margin-top: 0px !important;margin-right: 0px !important;margin-bottom: 0px !important;margin-left: 0px !important;border-top-width: 0px !important;border-right-width: 0px !important;border-bottom-width: 0px !important;border-left-width: 0px !important;padding-top: 0px !important;padding-right: 0px !important;padding-bottom: 0px !important;padding-left: 0px !important;background-color: #f9f9f9 !important;}&#8221;][vc_row full_width=&#8221;stretch_row_content_no_spaces&#8221; content_placement=&#8221;middle&#8221;][vc_column width=&#8221;1\/2&#8243; css=&#8221;.vc_custom_1526543311111{padding-right: 13% !important;padding-left: 13% !important;}&#8221;][vc_column_text]<\/p>\n<h2 style=\"text-align: center;\">La\u00a0<span lang=\"IT\">vita negli allevamenti perliferi<\/span><\/h2>\n<p style=\"text-align: center;\">La coltivazione della perla di Tahiti necessita di un\u2019eccellente qualit\u00e0 di vita delle ostriche e di una cura assidua della nacre.<br \/>\nQuello di perlicoltore \u00e8 un mestiere faticoso, che inizia la mattina molto presto e richiede molte energie.<br \/>\nL\u2019innestatore, che si trova all\u2019inizio della catena, svolge un vero e proprio lavoro di precisione, quasi come un chirurgo. Soltanto dopo anni e anni di pratica, riesce a effettuare con successo gran parte degli innesti.<\/p>\n<div style=\"text-align: center;\"><span lang=\"IT\">I pescatori sollevano pesanti reti di madreperla che puliscono regolarmente per consentire alle ostriche di avere un\u2019alimentazione ottimale. <\/span><\/div>\n<div style=\"text-align: center;\"><span lang=\"IT\">Questo duro lavoro viene effettuato sotto il sole cocente delle isole Tuamotu-Gambier. <\/span><\/div>\n<p>[\/vc_column_text][\/vc_column][vc_column width=&#8221;1\/2&#8243;][vc_single_image image=&#8221;164&#8243; img_size=&#8221;full&#8221; css=&#8221;.vc_custom_1589904975971{margin-bottom: 0px !important;}&#8221;][\/vc_column][\/vc_row][\/vc_section][vc_row][vc_column width=&#8221;1\/3&#8243;][\/vc_column][vc_column width=&#8221;1\/3&#8243;][vc_images_carousel images=&#8221;3230,3229,3231,3232,3236,3237&#8243; img_size=&#8221;full&#8221; onclick=&#8221;link_no&#8221; autoplay=&#8221;yes&#8221; wrap=&#8221;yes&#8221;][\/vc_column][vc_column width=&#8221;1\/3&#8243;][\/vc_column][\/vc_row][vc_section full_width=&#8221;stretch_row_content&#8221; css=&#8221;.vc_custom_1526556754206{margin-top: 0px !important;margin-right: 0px !important;margin-bottom: 0px !important;margin-left: 0px !important;border-top-width: 0px !important;border-right-width: 0px !important;border-bottom-width: 0px !important;border-left-width: 0px !important;padding-top: 0px !important;padding-right: 0px !important;padding-bottom: 0px !important;padding-left: 0px !important;background-color: #f9f9f9 !important;}&#8221;][vc_row full_width=&#8221;stretch_row_content_no_spaces&#8221; content_placement=&#8221;middle&#8221;][vc_column width=&#8221;1\/2&#8243;][vc_single_image image=&#8221;209&#8243; img_size=&#8221;full&#8221; css=&#8221;.vc_custom_1589904983317{margin-bottom: 0px !important;}&#8221;][\/vc_column][vc_column width=&#8221;1\/2&#8243; css=&#8221;.vc_custom_1526554875205{padding-right: 13% !important;padding-left: 13% !important;}&#8221;][vc_column_text]<\/p>\n<h2 style=\"text-align: center;\"><span lang=\"IT\">Incisione delle perle<\/span><\/h2>\n<p style=\"text-align: center;\">A Tahiti facciamo incidere perle rotonde e barocche da tatuatori di prestigio.<br \/>\nL\u2019arte dell\u2019incisione \u00e8 un savoir-faire locale. La cultura tahitiana \u00e8 profondamente ancorata a queste perle, i cui motivi ricordano i caratteristici tatuaggi maori.<br \/>\nIncidere la madreperla richiede una padronanza perfetta di questa tecnica artigianale poich\u00e9 si tratta di un materiale molto morbido che pu\u00f2 facilmente indurre il tatuatore in errore.<\/p>\n<p><strong>\u00a0<\/strong>[\/vc_column_text][\/vc_column][\/vc_row][\/vc_section][vc_section full_width=&#8221;stretch_row_content&#8221; css=&#8221;.vc_custom_1526556754206{margin-top: 0px !important;margin-right: 0px !important;margin-bottom: 0px !important;margin-left: 0px !important;border-top-width: 0px !important;border-right-width: 0px !important;border-bottom-width: 0px !important;border-left-width: 0px !important;padding-top: 0px !important;padding-right: 0px !important;padding-bottom: 0px !important;padding-left: 0px !important;background-color: #f9f9f9 !important;}&#8221;][vc_row full_width=&#8221;stretch_row_content_no_spaces&#8221; content_placement=&#8221;middle&#8221;][vc_column width=&#8221;1\/2&#8243; css=&#8221;.vc_custom_1526558579025{padding-right: 13% !important;padding-left: 13% !important;}&#8221;][vc_column_text]<\/p>\n<h2 style=\"text-align: center;\"><span lang=\"IT\">Foratura delle perle<\/span><\/h2>\n<div style=\"text-align: center;\"><span lang=\"IT\">La foratura delle perle viene effettuata mediante una macchina che consente di forarle mantenendole perfettamente nell\u2019asse di simmetria, al centro o da un lato all\u2019altro.<\/span><\/div>\n<div style=\"text-align: center;\"><span lang=\"IT\"><br \/>\nI nostri clienti hanno la possibilit\u00e0 di scegliere il diametro di foratura desiderato per le loro perle. <\/span><\/div>\n<p>[\/vc_column_text][\/vc_column][vc_column width=&#8221;1\/2&#8243;][vc_single_image image=&#8221;210&#8243; img_size=&#8221;full&#8221; css=&#8221;.vc_custom_1589904988213{margin-bottom: 0px !important;}&#8221;][\/vc_column][\/vc_row][\/vc_section][vc_section full_width=&#8221;stretch_row_content&#8221; css=&#8221;.vc_custom_1526556754206{margin-top: 0px !important;margin-right: 0px !important;margin-bottom: 0px !important;margin-left: 0px !important;border-top-width: 0px !important;border-right-width: 0px !important;border-bottom-width: 0px !important;border-left-width: 0px !important;padding-top: 0px !important;padding-right: 0px !important;padding-bottom: 0px !important;padding-left: 0px !important;background-color: #f9f9f9 !important;}&#8221;][vc_row full_width=&#8221;stretch_row_content_no_spaces&#8221; content_placement=&#8221;middle&#8221;][vc_column width=&#8221;1\/2&#8243;][vc_single_image image=&#8221;1094&#8243; img_size=&#8221;full&#8221; css=&#8221;.vc_custom_1589905024183{margin-bottom: 0px !important;}&#8221;][\/vc_column][vc_column width=&#8221;1\/2&#8243; css=&#8221;.vc_custom_1526554875205{padding-right: 13% !important;padding-left: 13% !important;}&#8221;][vc_column_text]<\/p>\n<h2 style=\"text-align: center;\"><span lang=\"IT\">Perle: miti e leggende<\/span><\/h2>\n<div style=\"text-align: center;\"><span lang=\"IT\">Fin dall\u2019antichit\u00e0, le perle vengono utilizzate per ornare gioielli e sono soprannominate \u201clacrime di Afrodite\u201d.<br \/>\nOgni anno, le famiglie romane pi\u00f9 benestanti usavano offrire in dono alle loro figlie una o pi\u00f9 perle in modo che alla maggiore et\u00e0 avessero una collana completa.<\/span><\/div>\n<div style=\"text-align: center;\"><span lang=\"IT\"><br \/>\nProfondamente ancorata alla storia del Pacifico, la perla di Tahiti suscita ammirazione e curiosit\u00e0. <\/span><\/div>\n<div style=\"text-align: center;\"><span lang=\"IT\">A Tahiti la leggenda racconta che, per amore, il dio Oro decise di offrire a una bellissima principessa dell\u2019isola di Bora Bora una perla fatta con le squame di tutti i pesci della laguna.<br \/>\nL\u2019uomo ha sempre avuto una fervida immaginazione nel tessere le lodi della perla.<\/span><\/div>\n<p>&nbsp;<\/p>\n<p style=\"text-align: right;\"><em>\u00ab\u00a0Tii \u00e0 la coquille\u00a0\u00bb<\/em> <em>(<\/em><span lang=\"IT\"><em>Idolo con la conchiglia) di<\/em> <\/span><em>Paul Gauguin, 1892<br \/>\n<\/em><\/p>\n<p style=\"text-align: right;\"><em>Statuetta in legno di toa (legno ferro), conchiglia di Meleagrina margaritifera <\/em><br \/>\n<em>e denti faringei di pesce pappagallo<\/em><\/p>\n<p style=\"text-align: right;\"><em>Nel 1891, all\u2019et\u00e0 di 43 anni, Paul Gauguin lasci\u00f2 la Francia per andare a vivere in Polinesia francese, dove rimase fino alla sua morte nel 1903, all\u2019et\u00e0 di 54 anni.<\/em><\/p>\n<p>[\/vc_column_text][vc_raw_js]JTNDc2NyaXB0JTNFJTBBJTI0JTI4ZG9jdW1lbnQlMjkucmVhZHklMjhmdW5jdGlvbiUyOCUyOSUyMCU3QiUwQSUyMCUyMCUyMCUyNCUyOCUyNy5yaXBwbGUtaXQlMjclMjkucmlwcGxlcyUyOCU3QiUwQSUwOWltYWdlVXJsJTNBJTIwbnVsbCUyQyUwQSUwOXJlc29sdXRpb24lM0ElMjAyNTYlMkMlMEElMDlkcm9wUmFkaXVzJTNBJTIwMTQlMkMlMEElMDlwZXJ0dXJiYW5jZSUzQSUyMDAuMDElMkMlMEElMDlpbnRlcmFjdGl2ZSUzQSUyMHRydWUlMkMlMEElMjAlMjAlMjAlMjAlN0QlMjklM0IlMEElN0QlMjklM0IlMEElM0MlMkZzY3JpcHQlM0U=[\/vc_raw_js][\/vc_column][\/vc_row][\/vc_section]<\/p>","protected":false},"excerpt":{"rendered":"<p>[vc_section full_width=&#8221;stretch_row&#8221; full_height=&#8221;yes&#8221; content_placement=&#8221;middle&#8221; css=&#8221;.vc_custom_1550242420866{background-image: url(http:\/\/www.lesmerveillesdupacifique.com\/wp-content\/uploads\/2019\/02\/perle-2.jpg?id=1389) !important;background-position: center !important;background-repeat: no-repeat !important;background-size: cover !important;}&#8221; el_class=&#8221;ripple-it&#8221;][vc_row][vc_column width=&#8221;1\/4&#8243;][\/vc_column][vc_column width=&#8221;1\/2&#8243;][vc_column_text el_class=&#8221;white-box-hero&#8221;] La\u00a0perla di coltura di Tahiti La perla di Tahiti deve la sua bellezza&hellip;<\/p>\n","protected":false},"author":1,"featured_media":0,"parent":0,"menu_order":1,"comment_status":"closed","ping_status":"closed","template":"","meta":{"_mi_skip_tracking":false},"yoast_head":"<!-- This site is optimized with the Yoast SEO plugin v18.3 - https:\/\/yoast.com\/wordpress\/plugins\/seo\/ -->\n<title>La perla di coltura di Tahiti - Les Merveilles du Pacifique<\/title>\n<meta name=\"description\" content=\"Qu&#039;est-ce que la perle de culture de Tahiti et comment se forme-t-elle dans les fermes perli\u00e8res sp\u00e9cialis\u00e9es en perliculture ? Tout savoir avec Les Merveilles du Pacifique.\" \/>\n<meta name=\"robots\" content=\"index, follow, max-snippet:-1, max-image-preview:large, max-video-preview:-1\" \/>\n<link rel=\"canonical\" href=\"https:\/\/www.lesmerveillesdupacifique.com\/it\/la-perle-de-culture-de-tahiti\/\" \/>\n<meta property=\"og:locale\" content=\"it_IT\" \/>\n<meta property=\"og:type\" content=\"article\" \/>\n<meta property=\"og:title\" content=\"La perla di coltura di Tahiti - Les Merveilles du Pacifique\" \/>\n<meta property=\"og:description\" content=\"Qu&#039;est-ce que la perle de culture de Tahiti et comment se forme-t-elle dans les fermes perli\u00e8res sp\u00e9cialis\u00e9es en perliculture ? Tout savoir avec Les Merveilles du Pacifique.\" \/>\n<meta property=\"og:url\" content=\"https:\/\/www.lesmerveillesdupacifique.com\/la-perle-de-culture-de-tahiti\/\" \/>\n<meta property=\"og:site_name\" content=\"Les Merveilles du Pacifique\" \/>\n<meta property=\"article:modified_time\" content=\"2025-04-14T09:30:37+00:00\" \/>\n<meta name=\"twitter:card\" content=\"summary_large_image\" \/>\n<meta name=\"twitter:label1\" content=\"Tempo di lettura stimato\" \/>\n\t<meta name=\"twitter:data1\" content=\"5 minuti\" \/>\n<script type=\"application\/ld+json\" class=\"yoast-schema-graph\">{\"@context\":\"https:\/\/schema.org\",\"@graph\":[{\"@type\":\"WebSite\",\"@id\":\"https:\/\/www.lesmerveillesdupacifique.com\/fr\/#website\",\"url\":\"https:\/\/www.lesmerveillesdupacifique.com\/fr\/\",\"name\":\"Les Merveilles du Pacifique\",\"description\":\"Perles de culture de Tahiti\",\"potentialAction\":[{\"@type\":\"SearchAction\",\"target\":{\"@type\":\"EntryPoint\",\"urlTemplate\":\"https:\/\/www.lesmerveillesdupacifique.com\/fr\/?s={search_term_string}\"},\"query-input\":\"required name=search_term_string\"}],\"inLanguage\":\"it-IT\"},{\"@type\":\"WebPage\",\"@id\":\"https:\/\/www.lesmerveillesdupacifique.com\/la-perle-de-culture-de-tahiti\/#webpage\",\"url\":\"https:\/\/www.lesmerveillesdupacifique.com\/la-perle-de-culture-de-tahiti\/\",\"name\":\"La perla di coltura di Tahiti - Les Merveilles du Pacifique\",\"isPartOf\":{\"@id\":\"https:\/\/www.lesmerveillesdupacifique.com\/fr\/#website\"},\"datePublished\":\"2018-03-30T07:20:42+00:00\",\"dateModified\":\"2025-04-14T09:30:37+00:00\",\"description\":\"Qu'est-ce que la perle de culture de Tahiti et comment se forme-t-elle dans les fermes perli\u00e8res sp\u00e9cialis\u00e9es en perliculture ? Tout savoir avec Les Merveilles du Pacifique.\",\"breadcrumb\":{\"@id\":\"https:\/\/www.lesmerveillesdupacifique.com\/la-perle-de-culture-de-tahiti\/#breadcrumb\"},\"inLanguage\":\"it-IT\",\"potentialAction\":[{\"@type\":\"ReadAction\",\"target\":[\"https:\/\/www.lesmerveillesdupacifique.com\/la-perle-de-culture-de-tahiti\/\"]}]},{\"@type\":\"BreadcrumbList\",\"@id\":\"https:\/\/www.lesmerveillesdupacifique.com\/la-perle-de-culture-de-tahiti\/#breadcrumb\",\"itemListElement\":[{\"@type\":\"ListItem\",\"position\":1,\"name\":\"Accueil\",\"item\":\"https:\/\/www.lesmerveillesdupacifique.com\/\"},{\"@type\":\"ListItem\",\"position\":2,\"name\":\"La perle de culture de Tahiti\"}]}]}<\/script>\n<!-- \/ Yoast SEO plugin. -->","yoast_head_json":{"title":"La perla di coltura di Tahiti - Les Merveilles du Pacifique","description":"Qu'est-ce que la perle de culture de Tahiti et comment se forme-t-elle dans les fermes perli\u00e8res sp\u00e9cialis\u00e9es en perliculture ? Tout savoir avec Les Merveilles du Pacifique.","robots":{"index":"index","follow":"follow","max-snippet":"max-snippet:-1","max-image-preview":"max-image-preview:large","max-video-preview":"max-video-preview:-1"},"canonical":"https:\/\/www.lesmerveillesdupacifique.com\/it\/la-perle-de-culture-de-tahiti\/","og_locale":"it_IT","og_type":"article","og_title":"La perla di coltura di Tahiti - Les Merveilles du Pacifique","og_description":"Qu'est-ce que la perle de culture de Tahiti et comment se forme-t-elle dans les fermes perli\u00e8res sp\u00e9cialis\u00e9es en perliculture ? Tout savoir avec Les Merveilles du Pacifique.","og_url":"https:\/\/www.lesmerveillesdupacifique.com\/la-perle-de-culture-de-tahiti\/","og_site_name":"Les Merveilles du Pacifique","article_modified_time":"2025-04-14T09:30:37+00:00","twitter_card":"summary_large_image","twitter_misc":{"Tempo di lettura stimato":"5 minuti"},"schema":{"@context":"https:\/\/schema.org","@graph":[{"@type":"WebSite","@id":"https:\/\/www.lesmerveillesdupacifique.com\/fr\/#website","url":"https:\/\/www.lesmerveillesdupacifique.com\/fr\/","name":"Les Merveilles du Pacifique","description":"Perles de culture de Tahiti","potentialAction":[{"@type":"SearchAction","target":{"@type":"EntryPoint","urlTemplate":"https:\/\/www.lesmerveillesdupacifique.com\/fr\/?s={search_term_string}"},"query-input":"required name=search_term_string"}],"inLanguage":"it-IT"},{"@type":"WebPage","@id":"https:\/\/www.lesmerveillesdupacifique.com\/la-perle-de-culture-de-tahiti\/#webpage","url":"https:\/\/www.lesmerveillesdupacifique.com\/la-perle-de-culture-de-tahiti\/","name":"La perla di coltura di Tahiti - Les Merveilles du Pacifique","isPartOf":{"@id":"https:\/\/www.lesmerveillesdupacifique.com\/fr\/#website"},"datePublished":"2018-03-30T07:20:42+00:00","dateModified":"2025-04-14T09:30:37+00:00","description":"Qu'est-ce que la perle de culture de Tahiti et comment se forme-t-elle dans les fermes perli\u00e8res sp\u00e9cialis\u00e9es en perliculture ? Tout savoir avec Les Merveilles du Pacifique.","breadcrumb":{"@id":"https:\/\/www.lesmerveillesdupacifique.com\/la-perle-de-culture-de-tahiti\/#breadcrumb"},"inLanguage":"it-IT","potentialAction":[{"@type":"ReadAction","target":["https:\/\/www.lesmerveillesdupacifique.com\/la-perle-de-culture-de-tahiti\/"]}]},{"@type":"BreadcrumbList","@id":"https:\/\/www.lesmerveillesdupacifique.com\/la-perle-de-culture-de-tahiti\/#breadcrumb","itemListElement":[{"@type":"ListItem","position":1,"name":"Accueil","item":"https:\/\/www.lesmerveillesdupacifique.com\/"},{"@type":"ListItem","position":2,"name":"La perle de culture de Tahiti"}]}]}},"acf":[],"_links":{"self":[{"href":"https:\/\/www.lesmerveillesdupacifique.com\/it\/wp-json\/wp\/v2\/pages\/5"}],"collection":[{"href":"https:\/\/www.lesmerveillesdupacifique.com\/it\/wp-json\/wp\/v2\/pages"}],"about":[{"href":"https:\/\/www.lesmerveillesdupacifique.com\/it\/wp-json\/wp\/v2\/types\/page"}],"author":[{"embeddable":true,"href":"https:\/\/www.lesmerveillesdupacifique.com\/it\/wp-json\/wp\/v2\/users\/1"}],"replies":[{"embeddable":true,"href":"https:\/\/www.lesmerveillesdupacifique.com\/it\/wp-json\/wp\/v2\/comments?post=5"}],"version-history":[{"count":1,"href":"https:\/\/www.lesmerveillesdupacifique.com\/it\/wp-json\/wp\/v2\/pages\/5\/revisions"}],"predecessor-version":[{"id":4302,"href":"https:\/\/www.lesmerveillesdupacifique.com\/it\/wp-json\/wp\/v2\/pages\/5\/revisions\/4302"}],"wp:attachment":[{"href":"https:\/\/www.lesmerveillesdupacifique.com\/it\/wp-json\/wp\/v2\/media?parent=5"}],"curies":[{"name":"wp","href":"https:\/\/api.w.org\/{rel}","templated":true}]}}