{"id":3814,"date":"2025-04-14T11:45:49","date_gmt":"2025-04-14T09:45:49","guid":{"rendered":"https:\/\/www.lesmerveillesdupacifique.com\/?page_id=3814"},"modified":"2025-04-14T11:45:49","modified_gmt":"2025-04-14T09:45:49","slug":"accueil","status":"publish","type":"page","link":"https:\/\/www.lesmerveillesdupacifique.com\/it\/accueil\/","title":{"rendered":"Home page"},"content":{"rendered":"<p>[vc_section full_width=&#8221;stretch_row&#8221; full_height=&#8221;yes&#8221; content_placement=&#8221;middle&#8221; css=&#8221;.vc_custom_1618923363140{background-image: url(https:\/\/www.lesmerveillesdupacifique.com\/wp-content\/uploads\/2021\/04\/reiseuhu-5SOTm1RlCmg-unsplash-1-scaled.jpg?id=3257) !important;background-position: center !important;background-repeat: no-repeat !important;background-size: cover !important;}&#8221; el_class=&#8221;ripple-it&#8221;][vc_row content_placement=&#8221;middle&#8221; css=&#8221;.vc_custom_1591890579297{margin-top: 50px !important;}&#8221;][vc_column el_class=&#8221;special-wrapper&#8221;][vc_column_text]<\/p>\n<div class=\"hero-box-white\" style=\"text-align: center;\">\n<h1 style=\"text-align: center;\"><span style=\"color: #000000;\">Importatori di perle di coltura di Tahiti dal 2009<\/span><\/h1>\n<p><span style=\"color: #000000;\">Direttamente dagli allevamenti perliferi<\/span><\/p>\n<\/div>\n<p>[\/vc_column_text][\/vc_column][\/vc_row][\/vc_section][vc_row css=&#8221;.vc_custom_1589893714018{padding-top: 100px !important;padding-bottom: 80px !important;background-position: center !important;background-repeat: no-repeat !important;background-size: cover !important;}&#8221;][vc_column width=&#8221;1\/6&#8243;][\/vc_column][vc_column width=&#8221;2\/3&#8243;][vc_column_text]<\/p>\n<h2 style=\"text-align: center;\"><span style=\"color: #000000;\">La perla di Tahiti \u00e8 una perla coltivata esclusivamente nelle lagune della Polinesia e prodotta dall\u2019ostrica dalle labbra nere o <em>Pinctada margaritifera<\/em>.<\/span><\/h2>\n<p>[\/vc_column_text][vc_column_text]<\/p>\n<p style=\"text-align: center;\">Raccolte direttamente negli allevamenti perliferi e caratterizzate da una qualit\u00e0 superiore, le nostre perle si distinguono tanto per l\u2019unicit\u00e0 dei colori quanto per la variet\u00e0 dei riflessi e delle sfumature che, per natura, offrono.<\/p>\n<p>[\/vc_column_text][vc_btn title=&#8221;Saperne di pi\u00f9&#8221; color=&#8221;green&#8221; align=&#8221;center&#8221; link=&#8221;url:http%3A%2F%2Fwww.lesmerveillesdupacifique.com%2Fprod%2Fla-perle-de-culture-de-tahiti%2F|||&#8221;][\/vc_column][vc_column width=&#8221;1\/6&#8243;][\/vc_column][\/vc_row][vc_section full_width=&#8221;stretch_row_content&#8221; content_placement=&#8221;middle&#8221; css=&#8221;.vc_custom_1625574523717{margin-top: 0px !important;margin-right: 0px !important;margin-left: 0px !important;background-position: center !important;background-repeat: no-repeat !important;background-size: cover !important;}&#8221; el_class=&#8221;desktop-only&#8221;][vc_row][vc_column css=&#8221;.vc_custom_1625574535546{padding-right: 0px !important;padding-left: 0px !important;}&#8221;][vc_raw_html]JTNDdmlkZW8lMjBjb250cm9scyUyMHdpZHRoJTNEJTIyMTAwJTI1JTIyJTNFJTBBJTIwJTIwJTNDc291cmNlJTIwc3JjJTNEJTIyaHR0cHMlM0ElMkYlMkZ3d3cubGVzbWVydmVpbGxlc2R1cGFjaWZpcXVlLmNvbSUyRndwLWNvbnRlbnQlMkZ0aGVtZXMlMkZrb250ZS1jaGlsZCUyRmxtZHAtaG9tZS0yLm1wNCUyMiUyMHR5cGUlM0QlMjJ2aWRlbyUyRm1wNCUyMiUzRSUwQSUzQyUyRnZpZGVvJTNF[\/vc_raw_html][\/vc_column][\/vc_row][\/vc_section][vc_section content_placement=&#8221;middle&#8221; css=&#8221;.vc_custom_1591618378035{margin-top: 50px !important;margin-bottom: 80px !important;background-position: center !important;background-repeat: no-repeat !important;background-size: cover !important;}&#8221;][vc_row][vc_column][vc_column_text css=&#8221;.vc_custom_1606832638990{padding-bottom: 25px !important;}&#8221;]<\/p>\n<h2 style=\"text-align: center;\"><span style=\"color: #000000;\">Nuovi arrivi<\/span><\/h2>\n<p>[\/vc_column_text]<div class=\"woocommerce columns-4 \"><ul class=\"products hover-other_image columns-4\"><li class=\"product type-product post-4271 status-publish first instock product_cat-bracelets has-post-thumbnail featured taxable shipping-taxable purchasable product-type-simple\">\n\t<div class=\"product-inner\"><span class=\"woocommerce-badges woocommerce-badges--rectangle\"><span class=\"new woocommerce-badge\"><span>Novit\u00e0<\/span><\/span><\/span><div class=\"product-thumbnail product-thumbnails--hover\"><a href=\"https:\/\/www.lesmerveillesdupacifique.com\/it\/produit\/bracelet-perle-baroque-avec-des-hematites-brc07-gris\/\" class=\"woocommerce-LoopProduct-link woocommerce-loop-product__link\"><img width=\"663\" height=\"663\" src=\"https:\/\/www.lesmerveillesdupacifique.com\/wp-content\/uploads\/2024\/12\/2024-11-06-07-48-07-BR5S1-copie-663x663.jpg\" class=\"attachment-woocommerce_thumbnail size-woocommerce_thumbnail\" alt=\"\" loading=\"lazy\" srcset=\"https:\/\/www.lesmerveillesdupacifique.com\/wp-content\/uploads\/2024\/12\/2024-11-06-07-48-07-BR5S1-copie-663x663.jpg 663w, https:\/\/www.lesmerveillesdupacifique.com\/wp-content\/uploads\/2024\/12\/2024-11-06-07-48-07-BR5S1-copie-150x150.jpg 150w, https:\/\/www.lesmerveillesdupacifique.com\/wp-content\/uploads\/2024\/12\/2024-11-06-07-48-07-BR5S1-copie-660x660.jpg 660w\" sizes=\"(max-width: 663px) 100vw, 663px\" \/><img width=\"663\" height=\"663\" src=\"https:\/\/www.lesmerveillesdupacifique.com\/wp-content\/uploads\/2022\/11\/Snapseed-663x663.jpg\" class=\"attachment-woocommerce_thumbnail size-woocommerce_thumbnail hover-image\" alt=\"\" loading=\"lazy\" srcset=\"https:\/\/www.lesmerveillesdupacifique.com\/wp-content\/uploads\/2022\/11\/Snapseed-663x663.jpg 663w, https:\/\/www.lesmerveillesdupacifique.com\/wp-content\/uploads\/2022\/11\/Snapseed-150x150.jpg 150w, https:\/\/www.lesmerveillesdupacifique.com\/wp-content\/uploads\/2022\/11\/Snapseed-660x660.jpg 660w\" sizes=\"(max-width: 663px) 100vw, 663px\" \/><\/a><\/div><div class=\"product-summary\"><h2 class=\"woocommerce-loop-product__title\"><a href=\"https:\/\/www.lesmerveillesdupacifique.com\/it\/produit\/bracelet-perle-baroque-avec-des-hematites-brc07-gris\/\" class=\"woocommerce-LoopProduct-link woocommerce-loop-product__link\">Bracciale barocco di perle con ematiti &#8211; BRC07 argento<\/a><\/h2><div class=\"buttons clearfix\"><a href=\"?add-to-cart=4271\" data-quantity=\"1\" class=\"button product_type_simple add_to_cart_button ajax_add_to_cart woocommerce-loop-product__button\" data-product_id=\"4271\" data-product_sku=\"\" aria-label=\"Aggiungi &ldquo;Bracciale barocco di perle con ematiti - BRC07 argento&rdquo; al tuo carrello\" rel=\"nofollow\">Aggiungi al carrello<\/a><a href=\"\/it\/wp-json\/wp\/v2\/pages\/3814?add_to_wishlist=4271\" data-product_id=\"4271\" data-product_type=\"simple\" class=\"button add-to-wishlist-button add-to-wishlist-4271 \" rel=\"nofollow\">\n\t\t\t\t<span class=\"add-to-wishlist add\">\n\t\t\t\t\t<span class=\"svg-icon icon-heart-o size-normal \"><svg role=\"img\"> <use href=\"#heart-o\" xlink:href=\"#heart-o\"><\/use> <\/svg><\/span>\n\t\t\t\t\t<span class=\"screen-reader-text button-text\">Ajouter aux favoris<\/span>\n\t\t\t\t<\/span>\n\t\t\t\t<span class=\"adding-to-wishlist adding\">\n\t\t\t\t\t<span class=\"spinner\"><\/span>\n\t\t\t\t\t<span class=\"screen-reader-text button-text\">Ajout en cours<\/span>\n\t\t\t\t<\/span>\n\t\t\t\t<span class=\"brow-wishlist added\">\n\t\t\t\t\t<span class=\"svg-icon icon-heart size-normal \"><svg role=\"img\"> <use href=\"#heart\" xlink:href=\"#heart\"><\/use> <\/svg><\/span>\n\t\t\t\t\t<span class=\"screen-reader-text button-text\">Ajout\u00e9 aux favoris<\/span>\n\t\t\t\t<\/span>\n\t\t\t<\/a><\/div><\/div><\/div><\/li>\n<li class=\"product type-product post-4269 status-publish instock product_cat-bracelets has-post-thumbnail featured taxable shipping-taxable purchasable product-type-simple\">\n\t<div class=\"product-inner\"><span class=\"woocommerce-badges woocommerce-badges--rectangle\"><span class=\"new woocommerce-badge\"><span>Novit\u00e0<\/span><\/span><\/span><div class=\"product-thumbnail product-thumbnails--hover\"><a href=\"https:\/\/www.lesmerveillesdupacifique.com\/it\/produit\/bracelet-perle-baroque-avec-des-hematites-brc07-marron\/\" class=\"woocommerce-LoopProduct-link woocommerce-loop-product__link\"><img width=\"663\" height=\"663\" src=\"https:\/\/www.lesmerveillesdupacifique.com\/wp-content\/uploads\/2024\/12\/2024-11-06-09-52-49-BR5S1-copie-663x663.jpg\" class=\"attachment-woocommerce_thumbnail size-woocommerce_thumbnail\" alt=\"\" loading=\"lazy\" srcset=\"https:\/\/www.lesmerveillesdupacifique.com\/wp-content\/uploads\/2024\/12\/2024-11-06-09-52-49-BR5S1-copie-663x663.jpg 663w, https:\/\/www.lesmerveillesdupacifique.com\/wp-content\/uploads\/2024\/12\/2024-11-06-09-52-49-BR5S1-copie-150x150.jpg 150w, https:\/\/www.lesmerveillesdupacifique.com\/wp-content\/uploads\/2024\/12\/2024-11-06-09-52-49-BR5S1-copie-660x660.jpg 660w\" sizes=\"(max-width: 663px) 100vw, 663px\" \/><img width=\"663\" height=\"663\" src=\"https:\/\/www.lesmerveillesdupacifique.com\/wp-content\/uploads\/2022\/11\/Snapseed-663x663.jpg\" class=\"attachment-woocommerce_thumbnail size-woocommerce_thumbnail hover-image\" alt=\"\" loading=\"lazy\" srcset=\"https:\/\/www.lesmerveillesdupacifique.com\/wp-content\/uploads\/2022\/11\/Snapseed-663x663.jpg 663w, https:\/\/www.lesmerveillesdupacifique.com\/wp-content\/uploads\/2022\/11\/Snapseed-150x150.jpg 150w, https:\/\/www.lesmerveillesdupacifique.com\/wp-content\/uploads\/2022\/11\/Snapseed-660x660.jpg 660w\" sizes=\"(max-width: 663px) 100vw, 663px\" \/><\/a><\/div><div class=\"product-summary\"><h2 class=\"woocommerce-loop-product__title\"><a href=\"https:\/\/www.lesmerveillesdupacifique.com\/it\/produit\/bracelet-perle-baroque-avec-des-hematites-brc07-marron\/\" class=\"woocommerce-LoopProduct-link woocommerce-loop-product__link\">Bracciale barocco di perle con ematiti &#8211; BRC07 marrone<\/a><\/h2><div class=\"buttons clearfix\"><a href=\"?add-to-cart=4269\" data-quantity=\"1\" class=\"button product_type_simple add_to_cart_button ajax_add_to_cart woocommerce-loop-product__button\" data-product_id=\"4269\" data-product_sku=\"\" aria-label=\"Aggiungi &ldquo;Bracciale barocco di perle con ematiti - BRC07 marrone&rdquo; al tuo carrello\" rel=\"nofollow\">Aggiungi al carrello<\/a><a href=\"\/it\/wp-json\/wp\/v2\/pages\/3814?add_to_wishlist=4269\" data-product_id=\"4269\" data-product_type=\"simple\" class=\"button add-to-wishlist-button add-to-wishlist-4269 \" rel=\"nofollow\">\n\t\t\t\t<span class=\"add-to-wishlist add\">\n\t\t\t\t\t<span class=\"svg-icon icon-heart-o size-normal \"><svg role=\"img\"> <use href=\"#heart-o\" xlink:href=\"#heart-o\"><\/use> <\/svg><\/span>\n\t\t\t\t\t<span class=\"screen-reader-text button-text\">Ajouter aux favoris<\/span>\n\t\t\t\t<\/span>\n\t\t\t\t<span class=\"adding-to-wishlist adding\">\n\t\t\t\t\t<span class=\"spinner\"><\/span>\n\t\t\t\t\t<span class=\"screen-reader-text button-text\">Ajout en cours<\/span>\n\t\t\t\t<\/span>\n\t\t\t\t<span class=\"brow-wishlist added\">\n\t\t\t\t\t<span class=\"svg-icon icon-heart size-normal \"><svg role=\"img\"> <use href=\"#heart\" xlink:href=\"#heart\"><\/use> <\/svg><\/span>\n\t\t\t\t\t<span class=\"screen-reader-text button-text\">Ajout\u00e9 aux favoris<\/span>\n\t\t\t\t<\/span>\n\t\t\t<\/a><\/div><\/div><\/div><\/li>\n<li class=\"product type-product post-3742 status-publish instock product_cat-bracelets has-post-thumbnail featured taxable shipping-taxable purchasable product-type-simple\">\n\t<div class=\"product-inner\"><div class=\"product-thumbnail product-thumbnails--hover\"><a href=\"https:\/\/www.lesmerveillesdupacifique.com\/it\/produit\/bracelet-elastique-avec-perles-cerclees-bra18\/\" class=\"woocommerce-LoopProduct-link woocommerce-loop-product__link\"><img width=\"663\" height=\"663\" src=\"https:\/\/www.lesmerveillesdupacifique.com\/wp-content\/uploads\/2022\/11\/BRA18-663x663.jpg\" class=\"attachment-woocommerce_thumbnail size-woocommerce_thumbnail\" alt=\"\" loading=\"lazy\" srcset=\"https:\/\/www.lesmerveillesdupacifique.com\/wp-content\/uploads\/2022\/11\/BRA18-663x663.jpg 663w, https:\/\/www.lesmerveillesdupacifique.com\/wp-content\/uploads\/2022\/11\/BRA18-150x150.jpg 150w, https:\/\/www.lesmerveillesdupacifique.com\/wp-content\/uploads\/2022\/11\/BRA18-660x660.jpg 660w\" sizes=\"(max-width: 663px) 100vw, 663px\" \/><img width=\"663\" height=\"663\" src=\"https:\/\/www.lesmerveillesdupacifique.com\/wp-content\/uploads\/2022\/11\/BRA-18-663x663.png\" class=\"attachment-woocommerce_thumbnail size-woocommerce_thumbnail hover-image\" alt=\"Bracelet \u00e9lastique avec perles de culture de Tahiti homme\" loading=\"lazy\" srcset=\"https:\/\/www.lesmerveillesdupacifique.com\/wp-content\/uploads\/2022\/11\/BRA-18-663x663.png 663w, https:\/\/www.lesmerveillesdupacifique.com\/wp-content\/uploads\/2022\/11\/BRA-18-150x150.png 150w, https:\/\/www.lesmerveillesdupacifique.com\/wp-content\/uploads\/2022\/11\/BRA-18-660x660.png 660w\" sizes=\"(max-width: 663px) 100vw, 663px\" \/><\/a><\/div><div class=\"product-summary\"><h2 class=\"woocommerce-loop-product__title\"><a href=\"https:\/\/www.lesmerveillesdupacifique.com\/it\/produit\/bracelet-elastique-avec-perles-cerclees-bra18\/\" class=\"woocommerce-LoopProduct-link woocommerce-loop-product__link\">Bracciale elastico con perle cerchiate &#8211; BRA18<\/a><\/h2><div class=\"buttons clearfix\"><a href=\"?add-to-cart=3742\" data-quantity=\"1\" class=\"button product_type_simple add_to_cart_button ajax_add_to_cart woocommerce-loop-product__button\" data-product_id=\"3742\" data-product_sku=\"\" aria-label=\"Aggiungi &ldquo;Bracciale elastico con perle cerchiate - BRA18&rdquo; al tuo carrello\" rel=\"nofollow\">Aggiungi al carrello<\/a><a href=\"\/it\/wp-json\/wp\/v2\/pages\/3814?add_to_wishlist=3742\" data-product_id=\"3742\" data-product_type=\"simple\" class=\"button add-to-wishlist-button add-to-wishlist-3742 \" rel=\"nofollow\">\n\t\t\t\t<span class=\"add-to-wishlist add\">\n\t\t\t\t\t<span class=\"svg-icon icon-heart-o size-normal \"><svg role=\"img\"> <use href=\"#heart-o\" xlink:href=\"#heart-o\"><\/use> <\/svg><\/span>\n\t\t\t\t\t<span class=\"screen-reader-text button-text\">Ajouter aux favoris<\/span>\n\t\t\t\t<\/span>\n\t\t\t\t<span class=\"adding-to-wishlist adding\">\n\t\t\t\t\t<span class=\"spinner\"><\/span>\n\t\t\t\t\t<span class=\"screen-reader-text button-text\">Ajout en cours<\/span>\n\t\t\t\t<\/span>\n\t\t\t\t<span class=\"brow-wishlist added\">\n\t\t\t\t\t<span class=\"svg-icon icon-heart size-normal \"><svg role=\"img\"> <use href=\"#heart\" xlink:href=\"#heart\"><\/use> <\/svg><\/span>\n\t\t\t\t\t<span class=\"screen-reader-text button-text\">Ajout\u00e9 aux favoris<\/span>\n\t\t\t\t<\/span>\n\t\t\t<\/a><\/div><\/div><\/div><\/li>\n<li class=\"product type-product post-3739 status-publish last instock product_cat-bracelets has-post-thumbnail featured taxable shipping-taxable purchasable product-type-simple\">\n\t<div class=\"product-inner\"><div class=\"product-thumbnail\"><a href=\"https:\/\/www.lesmerveillesdupacifique.com\/it\/produit\/bracelet-elastique-cerclees-bra17\/\" class=\"woocommerce-LoopProduct-link woocommerce-loop-product__link\"><img width=\"663\" height=\"663\" src=\"https:\/\/www.lesmerveillesdupacifique.com\/wp-content\/uploads\/2022\/11\/BRA17-663x663.jpg\" class=\"attachment-woocommerce_thumbnail size-woocommerce_thumbnail\" alt=\"\" loading=\"lazy\" srcset=\"https:\/\/www.lesmerveillesdupacifique.com\/wp-content\/uploads\/2022\/11\/BRA17-663x663.jpg 663w, https:\/\/www.lesmerveillesdupacifique.com\/wp-content\/uploads\/2022\/11\/BRA17-150x150.jpg 150w, https:\/\/www.lesmerveillesdupacifique.com\/wp-content\/uploads\/2022\/11\/BRA17-660x660.jpg 660w\" sizes=\"(max-width: 663px) 100vw, 663px\" \/><\/a><\/div><div class=\"product-summary\"><h2 class=\"woocommerce-loop-product__title\"><a href=\"https:\/\/www.lesmerveillesdupacifique.com\/it\/produit\/bracelet-elastique-cerclees-bra17\/\" class=\"woocommerce-LoopProduct-link woocommerce-loop-product__link\">Bracciale elastico con perle cerchiate &#8211; BRA17<\/a><\/h2><div class=\"buttons clearfix\"><a href=\"?add-to-cart=3739\" data-quantity=\"1\" class=\"button product_type_simple add_to_cart_button ajax_add_to_cart woocommerce-loop-product__button\" data-product_id=\"3739\" data-product_sku=\"\" aria-label=\"Aggiungi &ldquo;Bracciale elastico con perle cerchiate - BRA17&rdquo; al tuo carrello\" rel=\"nofollow\">Aggiungi al carrello<\/a><a href=\"\/it\/wp-json\/wp\/v2\/pages\/3814?add_to_wishlist=3739\" data-product_id=\"3739\" data-product_type=\"simple\" class=\"button add-to-wishlist-button add-to-wishlist-3739 \" rel=\"nofollow\">\n\t\t\t\t<span class=\"add-to-wishlist add\">\n\t\t\t\t\t<span class=\"svg-icon icon-heart-o size-normal \"><svg role=\"img\"> <use href=\"#heart-o\" xlink:href=\"#heart-o\"><\/use> <\/svg><\/span>\n\t\t\t\t\t<span class=\"screen-reader-text button-text\">Ajouter aux favoris<\/span>\n\t\t\t\t<\/span>\n\t\t\t\t<span class=\"adding-to-wishlist adding\">\n\t\t\t\t\t<span class=\"spinner\"><\/span>\n\t\t\t\t\t<span class=\"screen-reader-text button-text\">Ajout en cours<\/span>\n\t\t\t\t<\/span>\n\t\t\t\t<span class=\"brow-wishlist added\">\n\t\t\t\t\t<span class=\"svg-icon icon-heart size-normal \"><svg role=\"img\"> <use href=\"#heart\" xlink:href=\"#heart\"><\/use> <\/svg><\/span>\n\t\t\t\t\t<span class=\"screen-reader-text button-text\">Ajout\u00e9 aux favoris<\/span>\n\t\t\t\t<\/span>\n\t\t\t<\/a><\/div><\/div><\/div><\/li>\n<li class=\"product type-product post-3737 status-publish first instock product_cat-bracelets has-post-thumbnail featured taxable shipping-taxable purchasable product-type-simple\">\n\t<div class=\"product-inner\"><div class=\"product-thumbnail\"><a href=\"https:\/\/www.lesmerveillesdupacifique.com\/it\/produit\/bracelet-3-perles-sur-cordon-noir-brc06\/\" class=\"woocommerce-LoopProduct-link woocommerce-loop-product__link\"><img width=\"663\" height=\"663\" src=\"https:\/\/www.lesmerveillesdupacifique.com\/wp-content\/uploads\/2022\/11\/BRC06-663x663.jpg\" class=\"attachment-woocommerce_thumbnail size-woocommerce_thumbnail\" alt=\"\" loading=\"lazy\" srcset=\"https:\/\/www.lesmerveillesdupacifique.com\/wp-content\/uploads\/2022\/11\/BRC06-663x663.jpg 663w, https:\/\/www.lesmerveillesdupacifique.com\/wp-content\/uploads\/2022\/11\/BRC06-150x150.jpg 150w, https:\/\/www.lesmerveillesdupacifique.com\/wp-content\/uploads\/2022\/11\/BRC06-660x660.jpg 660w\" sizes=\"(max-width: 663px) 100vw, 663px\" \/><\/a><\/div><div class=\"product-summary\"><h2 class=\"woocommerce-loop-product__title\"><a href=\"https:\/\/www.lesmerveillesdupacifique.com\/it\/produit\/bracelet-3-perles-sur-cordon-noir-brc06\/\" class=\"woocommerce-LoopProduct-link woocommerce-loop-product__link\">Bracciale 3 perle su cordino nero &#8211; BRC06<\/a><\/h2><div class=\"buttons clearfix\"><a href=\"?add-to-cart=3737\" data-quantity=\"1\" class=\"button product_type_simple add_to_cart_button ajax_add_to_cart woocommerce-loop-product__button\" data-product_id=\"3737\" data-product_sku=\"\" aria-label=\"Aggiungi &ldquo;Bracciale 3 perle su cordino nero - BRC06&rdquo; al tuo carrello\" rel=\"nofollow\">Aggiungi al carrello<\/a><a href=\"\/it\/wp-json\/wp\/v2\/pages\/3814?add_to_wishlist=3737\" data-product_id=\"3737\" data-product_type=\"simple\" class=\"button add-to-wishlist-button add-to-wishlist-3737 \" rel=\"nofollow\">\n\t\t\t\t<span class=\"add-to-wishlist add\">\n\t\t\t\t\t<span class=\"svg-icon icon-heart-o size-normal \"><svg role=\"img\"> <use href=\"#heart-o\" xlink:href=\"#heart-o\"><\/use> <\/svg><\/span>\n\t\t\t\t\t<span class=\"screen-reader-text button-text\">Ajouter aux favoris<\/span>\n\t\t\t\t<\/span>\n\t\t\t\t<span class=\"adding-to-wishlist adding\">\n\t\t\t\t\t<span class=\"spinner\"><\/span>\n\t\t\t\t\t<span class=\"screen-reader-text button-text\">Ajout en cours<\/span>\n\t\t\t\t<\/span>\n\t\t\t\t<span class=\"brow-wishlist added\">\n\t\t\t\t\t<span class=\"svg-icon icon-heart size-normal \"><svg role=\"img\"> <use href=\"#heart\" xlink:href=\"#heart\"><\/use> <\/svg><\/span>\n\t\t\t\t\t<span class=\"screen-reader-text button-text\">Ajout\u00e9 aux favoris<\/span>\n\t\t\t\t<\/span>\n\t\t\t<\/a><\/div><\/div><\/div><\/li>\n<li class=\"product type-product post-3735 status-publish instock product_cat-bracelets has-post-thumbnail featured taxable shipping-taxable purchasable product-type-simple\">\n\t<div class=\"product-inner\"><div class=\"product-thumbnail\"><a href=\"https:\/\/www.lesmerveillesdupacifique.com\/it\/produit\/bracelet-3-perles-sur-cordon-noir-brc05\/\" class=\"woocommerce-LoopProduct-link woocommerce-loop-product__link\"><img width=\"663\" height=\"663\" src=\"https:\/\/www.lesmerveillesdupacifique.com\/wp-content\/uploads\/2022\/11\/BRC05-663x663.jpg\" class=\"attachment-woocommerce_thumbnail size-woocommerce_thumbnail\" alt=\"\" loading=\"lazy\" srcset=\"https:\/\/www.lesmerveillesdupacifique.com\/wp-content\/uploads\/2022\/11\/BRC05-663x663.jpg 663w, https:\/\/www.lesmerveillesdupacifique.com\/wp-content\/uploads\/2022\/11\/BRC05-150x150.jpg 150w, https:\/\/www.lesmerveillesdupacifique.com\/wp-content\/uploads\/2022\/11\/BRC05-660x660.jpg 660w\" sizes=\"(max-width: 663px) 100vw, 663px\" \/><\/a><\/div><div class=\"product-summary\"><h2 class=\"woocommerce-loop-product__title\"><a href=\"https:\/\/www.lesmerveillesdupacifique.com\/it\/produit\/bracelet-3-perles-sur-cordon-noir-brc05\/\" class=\"woocommerce-LoopProduct-link woocommerce-loop-product__link\">Bracciale 3 perle su cordino nero &#8211; BRC05<\/a><\/h2><div class=\"buttons clearfix\"><a href=\"?add-to-cart=3735\" data-quantity=\"1\" class=\"button product_type_simple add_to_cart_button ajax_add_to_cart woocommerce-loop-product__button\" data-product_id=\"3735\" data-product_sku=\"\" aria-label=\"Aggiungi &ldquo;Bracciale 3 perle su cordino nero - BRC05&rdquo; al tuo carrello\" rel=\"nofollow\">Aggiungi al carrello<\/a><a href=\"\/it\/wp-json\/wp\/v2\/pages\/3814?add_to_wishlist=3735\" data-product_id=\"3735\" data-product_type=\"simple\" class=\"button add-to-wishlist-button add-to-wishlist-3735 \" rel=\"nofollow\">\n\t\t\t\t<span class=\"add-to-wishlist add\">\n\t\t\t\t\t<span class=\"svg-icon icon-heart-o size-normal \"><svg role=\"img\"> <use href=\"#heart-o\" xlink:href=\"#heart-o\"><\/use> <\/svg><\/span>\n\t\t\t\t\t<span class=\"screen-reader-text button-text\">Ajouter aux favoris<\/span>\n\t\t\t\t<\/span>\n\t\t\t\t<span class=\"adding-to-wishlist adding\">\n\t\t\t\t\t<span class=\"spinner\"><\/span>\n\t\t\t\t\t<span class=\"screen-reader-text button-text\">Ajout en cours<\/span>\n\t\t\t\t<\/span>\n\t\t\t\t<span class=\"brow-wishlist added\">\n\t\t\t\t\t<span class=\"svg-icon icon-heart size-normal \"><svg role=\"img\"> <use href=\"#heart\" xlink:href=\"#heart\"><\/use> <\/svg><\/span>\n\t\t\t\t\t<span class=\"screen-reader-text button-text\">Ajout\u00e9 aux favoris<\/span>\n\t\t\t\t<\/span>\n\t\t\t<\/a><\/div><\/div><\/div><\/li>\n<li class=\"product type-product post-3705 status-publish instock product_cat-bracelets has-post-thumbnail featured taxable shipping-taxable purchasable product-type-simple\">\n\t<div class=\"product-inner\"><span class=\"woocommerce-badges woocommerce-badges--rectangle\"><span class=\"new woocommerce-badge\"><span>Novit\u00e0<\/span><\/span><\/span><div class=\"product-thumbnail product-thumbnails--hover\"><a href=\"https:\/\/www.lesmerveillesdupacifique.com\/it\/produit\/bracelet-perle-baroque-avec-des-hematites-brc07-dore\/\" class=\"woocommerce-LoopProduct-link woocommerce-loop-product__link\"><img width=\"663\" height=\"663\" src=\"https:\/\/www.lesmerveillesdupacifique.com\/wp-content\/uploads\/2022\/11\/2024-11-06-09-54-57-BR5S1-copie-663x663.jpg\" class=\"attachment-woocommerce_thumbnail size-woocommerce_thumbnail\" alt=\"\" loading=\"lazy\" srcset=\"https:\/\/www.lesmerveillesdupacifique.com\/wp-content\/uploads\/2022\/11\/2024-11-06-09-54-57-BR5S1-copie-663x663.jpg 663w, https:\/\/www.lesmerveillesdupacifique.com\/wp-content\/uploads\/2022\/11\/2024-11-06-09-54-57-BR5S1-copie-150x150.jpg 150w, https:\/\/www.lesmerveillesdupacifique.com\/wp-content\/uploads\/2022\/11\/2024-11-06-09-54-57-BR5S1-copie-660x660.jpg 660w\" sizes=\"(max-width: 663px) 100vw, 663px\" \/><img width=\"663\" height=\"663\" src=\"https:\/\/www.lesmerveillesdupacifique.com\/wp-content\/uploads\/2022\/11\/Snapseed-663x663.jpg\" class=\"attachment-woocommerce_thumbnail size-woocommerce_thumbnail hover-image\" alt=\"\" loading=\"lazy\" srcset=\"https:\/\/www.lesmerveillesdupacifique.com\/wp-content\/uploads\/2022\/11\/Snapseed-663x663.jpg 663w, https:\/\/www.lesmerveillesdupacifique.com\/wp-content\/uploads\/2022\/11\/Snapseed-150x150.jpg 150w, https:\/\/www.lesmerveillesdupacifique.com\/wp-content\/uploads\/2022\/11\/Snapseed-660x660.jpg 660w\" sizes=\"(max-width: 663px) 100vw, 663px\" \/><\/a><\/div><div class=\"product-summary\"><h2 class=\"woocommerce-loop-product__title\"><a href=\"https:\/\/www.lesmerveillesdupacifique.com\/it\/produit\/bracelet-perle-baroque-avec-des-hematites-brc07-dore\/\" class=\"woocommerce-LoopProduct-link woocommerce-loop-product__link\">Bracciale barocco di perle con ematiti &#8211; BRC07 dorato<\/a><\/h2><div class=\"buttons clearfix\"><a href=\"?add-to-cart=3705\" data-quantity=\"1\" class=\"button product_type_simple add_to_cart_button ajax_add_to_cart woocommerce-loop-product__button\" data-product_id=\"3705\" data-product_sku=\"\" aria-label=\"Aggiungi &ldquo;Bracciale barocco di perle con ematiti - BRC07 dorato&rdquo; al tuo carrello\" rel=\"nofollow\">Aggiungi al carrello<\/a><a href=\"\/it\/wp-json\/wp\/v2\/pages\/3814?add_to_wishlist=3705\" data-product_id=\"3705\" data-product_type=\"simple\" class=\"button add-to-wishlist-button add-to-wishlist-3705 \" rel=\"nofollow\">\n\t\t\t\t<span class=\"add-to-wishlist add\">\n\t\t\t\t\t<span class=\"svg-icon icon-heart-o size-normal \"><svg role=\"img\"> <use href=\"#heart-o\" xlink:href=\"#heart-o\"><\/use> <\/svg><\/span>\n\t\t\t\t\t<span class=\"screen-reader-text button-text\">Ajouter aux favoris<\/span>\n\t\t\t\t<\/span>\n\t\t\t\t<span class=\"adding-to-wishlist adding\">\n\t\t\t\t\t<span class=\"spinner\"><\/span>\n\t\t\t\t\t<span class=\"screen-reader-text button-text\">Ajout en cours<\/span>\n\t\t\t\t<\/span>\n\t\t\t\t<span class=\"brow-wishlist added\">\n\t\t\t\t\t<span class=\"svg-icon icon-heart size-normal \"><svg role=\"img\"> <use href=\"#heart\" xlink:href=\"#heart\"><\/use> <\/svg><\/span>\n\t\t\t\t\t<span class=\"screen-reader-text button-text\">Ajout\u00e9 aux favoris<\/span>\n\t\t\t\t<\/span>\n\t\t\t<\/a><\/div><\/div><\/div><\/li>\n<li class=\"product type-product post-1981 status-publish last instock product_cat-boucles-doreilles has-post-thumbnail featured taxable shipping-taxable purchasable product-type-simple\">\n\t<div class=\"product-inner\"><div class=\"product-thumbnail product-thumbnails--hover\"><a href=\"https:\/\/www.lesmerveillesdupacifique.com\/it\/produit\/boo06-oj\/\" class=\"woocommerce-LoopProduct-link woocommerce-loop-product__link\"><img width=\"663\" height=\"663\" src=\"https:\/\/www.lesmerveillesdupacifique.com\/wp-content\/uploads\/2022\/11\/BOO06-OJ-663x663.jpg\" class=\"attachment-woocommerce_thumbnail size-woocommerce_thumbnail\" alt=\"\" loading=\"lazy\" srcset=\"https:\/\/www.lesmerveillesdupacifique.com\/wp-content\/uploads\/2022\/11\/BOO06-OJ-663x663.jpg 663w, https:\/\/www.lesmerveillesdupacifique.com\/wp-content\/uploads\/2022\/11\/BOO06-OJ-150x150.jpg 150w, https:\/\/www.lesmerveillesdupacifique.com\/wp-content\/uploads\/2022\/11\/BOO06-OJ-660x660.jpg 660w\" sizes=\"(max-width: 663px) 100vw, 663px\" \/><img width=\"663\" height=\"663\" src=\"https:\/\/www.lesmerveillesdupacifique.com\/wp-content\/uploads\/2019\/02\/MBP35682-scaled-663x663.jpg\" class=\"attachment-woocommerce_thumbnail size-woocommerce_thumbnail hover-image\" alt=\"\" loading=\"lazy\" srcset=\"https:\/\/www.lesmerveillesdupacifique.com\/wp-content\/uploads\/2019\/02\/MBP35682-scaled-663x663.jpg 663w, https:\/\/www.lesmerveillesdupacifique.com\/wp-content\/uploads\/2019\/02\/MBP35682-150x150.jpg 150w\" sizes=\"(max-width: 663px) 100vw, 663px\" \/><\/a><\/div><div class=\"product-summary\"><h2 class=\"woocommerce-loop-product__title\"><a href=\"https:\/\/www.lesmerveillesdupacifique.com\/it\/produit\/boo06-oj\/\" class=\"woocommerce-LoopProduct-link woocommerce-loop-product__link\">Orecchini oro e perle rotonde &#8211; BOO06 OJ<\/a><\/h2><div class=\"buttons clearfix\"><a href=\"?add-to-cart=1981\" data-quantity=\"1\" class=\"button product_type_simple add_to_cart_button ajax_add_to_cart woocommerce-loop-product__button\" data-product_id=\"1981\" data-product_sku=\"\" aria-label=\"Aggiungi &ldquo;Orecchini oro e perle rotonde - BOO06 OJ&rdquo; al tuo carrello\" rel=\"nofollow\">Aggiungi al carrello<\/a><a href=\"\/it\/wp-json\/wp\/v2\/pages\/3814?add_to_wishlist=1981\" data-product_id=\"1981\" data-product_type=\"simple\" class=\"button add-to-wishlist-button add-to-wishlist-1981 \" rel=\"nofollow\">\n\t\t\t\t<span class=\"add-to-wishlist add\">\n\t\t\t\t\t<span class=\"svg-icon icon-heart-o size-normal \"><svg role=\"img\"> <use href=\"#heart-o\" xlink:href=\"#heart-o\"><\/use> <\/svg><\/span>\n\t\t\t\t\t<span class=\"screen-reader-text button-text\">Ajouter aux favoris<\/span>\n\t\t\t\t<\/span>\n\t\t\t\t<span class=\"adding-to-wishlist adding\">\n\t\t\t\t\t<span class=\"spinner\"><\/span>\n\t\t\t\t\t<span class=\"screen-reader-text button-text\">Ajout en cours<\/span>\n\t\t\t\t<\/span>\n\t\t\t\t<span class=\"brow-wishlist added\">\n\t\t\t\t\t<span class=\"svg-icon icon-heart size-normal \"><svg role=\"img\"> <use href=\"#heart\" xlink:href=\"#heart\"><\/use> <\/svg><\/span>\n\t\t\t\t\t<span class=\"screen-reader-text button-text\">Ajout\u00e9 aux favoris<\/span>\n\t\t\t\t<\/span>\n\t\t\t<\/a><\/div><\/div><\/div><\/li>\n<\/ul><\/div>[\/vc_column][\/vc_row][\/vc_section][vc_row full_width=&#8221;stretch_row&#8221; full_height=&#8221;yes&#8221; equal_height=&#8221;yes&#8221; parallax=&#8221;content-moving&#8221; css=&#8221;.vc_custom_1589893954713{background-image: url(http:\/\/www.lesmerveillesdupacifique.com\/wp-content\/uploads\/2020\/05\/front-2.jpg?id=2131) !important;background-position: center;background-repeat: no-repeat !important;background-size: cover !important;}&#8221;][vc_column width=&#8221;1\/6&#8243;][\/vc_column][vc_column width=&#8221;1\/6&#8243;][\/vc_column][vc_column width=&#8221;1\/6&#8243;][\/vc_column][vc_column width=&#8221;2\/6&#8243;][vc_column_text]<\/p>\n<h2 style=\"text-align: center;\"><span lang=\"IT\" style=\"color: #ffffff;\">Ogni anno i nostri designer immaginano una nuova collezione di gioielli realizzati con perle di Tahiti, che riscuotono un grande successo pur senza spodestare i nostri best-seller.<\/span><\/h2>\n<p>[\/vc_column_text][vc_btn title=&#8221;D\u00e9couvrez notre collection&#8221; color=&#8221;white&#8221; align=&#8221;center&#8221; link=&#8221;url:http%3A%2F%2Fwww.lesmerveillesdupacifique.com%2Fprod%2Fnotre-collection%2F|||&#8221; el_class=&#8221;color-light&#8221;][\/vc_column][vc_column width=&#8221;1\/6&#8243;][\/vc_column][\/vc_row][vc_row css=&#8221;.vc_custom_1589893812305{padding-top: 100px !important;padding-bottom: 80px !important;background-position: center !important;background-repeat: no-repeat !important;background-size: cover !important;}&#8221;][vc_column width=&#8221;1\/6&#8243;][\/vc_column][vc_column width=&#8221;2\/3&#8243;][vc_column_text]<\/p>\n<h2 style=\"text-align: center;\"><span style=\"color: #333333;\">Giovane, dinamica e forte di un grande know-how in materia di perle di coltura di Tahiti, la nostra azienda \u00e8 leader nel mercato francese per questa tipologia di perle.<\/span><\/h2>\n<p>[\/vc_column_text][vc_column_text]<\/p>\n<p style=\"text-align: center;\">Il nostro obiettivo \u00e8 promuovere la bellezza delle perle di Tahiti. \u00c8 proprio in queste perle, infatti, che risiede il nostro talento: siamo uno dei rari marchi a proporre una gamma di perle cos\u00ec ricca di colori, sia in Francia che all\u2019estero. La nostra visione a 360\u00b0 del mercato della perla di coltura di Tahiti e il successo riscosso sia sul mercato europeo che su quello di Hong Kong ci spingono a diffondere ulteriormente il nostro savoir-faire su scala internazionale.<\/p>\n<p>[\/vc_column_text][vc_btn title=&#8221;Saperne di pi\u00f9&#8221; color=&#8221;green&#8221; align=&#8221;center&#8221; link=&#8221;url:http%3A%2F%2Fwww.lesmerveillesdupacifique.com%2Fprod%2Fqui-nous-sommes%2F|||&#8221;][\/vc_column][vc_column width=&#8221;1\/6&#8243;][\/vc_column][\/vc_row][vc_row full_width=&#8221;stretch_row&#8221; parallax=&#8221;content-moving&#8221; parallax_image=&#8221;778&#8243; css=&#8221;.vc_custom_1589894000507{padding-top: 90px !important;padding-bottom: 80px !important;background-position: center;background-repeat: no-repeat !important;background-size: cover !important;}&#8221;][vc_column width=&#8221;1\/6&#8243;][\/vc_column][vc_column width=&#8221;2\/3&#8243;][vc_column_text]<\/p>\n<h2 style=\"text-align: center;\"><span style=\"color: #ffffff;\">Le nostre collezioni sono visibili anche presso lo stand aziendale presente nelle varie fiere, in Francia e all\u2019estero.<\/span><\/h2>\n<p>[\/vc_column_text][vc_btn title=&#8221;Saperne di pi\u00f9&#8221; color=&#8221;white&#8221; align=&#8221;center&#8221; link=&#8221;url:http%3A%2F%2Fwww.lesmerveillesdupacifique.com%2Fprod%2Factualite%2F|||&#8221; el_class=&#8221;color-light&#8221;][\/vc_column][vc_column width=&#8221;1\/6&#8243;][vc_raw_js]JTNDc2NyaXB0JTNFJTBBJTI0JTI4ZG9jdW1lbnQlMjkucmVhZHklMjhmdW5jdGlvbiUyOCUyOSUyMCU3QiUwQSUyMCUyMCUyMCUyNCUyOCUyNy5yaXBwbGUtaXQlMjclMjkucmlwcGxlcyUyOCU3QiUwQSUwOWltYWdlVXJsJTNBJTIwbnVsbCUyQyUwQSUwOXJlc29sdXRpb24lM0ElMjAyNTYlMkMlMEElMDlkcm9wUmFkaXVzJTNBJTIwMTQlMkMlMEElMDlwZXJ0dXJiYW5jZSUzQSUyMDAuMDElMkMlMEElMDlpbnRlcmFjdGl2ZSUzQSUyMHRydWUlMkMlMEElMjAlMjAlMjAlMjAlN0QlMjklM0IlMEElN0QlMjklM0IlMEElM0MlMkZzY3JpcHQlM0U=[\/vc_raw_js][\/vc_column][\/vc_row][vc_row][vc_column][vc_column_text]<\/p>\n<h2 class=\"insta-shop\" style=\"text-align: center;\">ACHETER SUR INSTAGRAM<\/h2>\n<p style=\"text-align: center;\"><\/p>\n<p>[\/vc_column_text][\/vc_column][\/vc_row][vc_row css=&#8221;.vc_custom_1634808674177{padding-top: 30px !important;padding-bottom: 30px !important;}&#8221;][vc_column width=&#8221;1\/4&#8243;][vc_column_text]<\/p>\n<p class=\"bt-ico\" style=\"text-align: center;\"><img loading=\"lazy\" class=\"alignnone wp-image-3418 size-medium\" src=\"https:\/\/www.lesmerveillesdupacifique.com\/wp-content\/uploads\/2021\/10\/secure-1-300x238.jpg\" alt=\"\" width=\"300\" height=\"238\" srcset=\"https:\/\/www.lesmerveillesdupacifique.com\/wp-content\/uploads\/2021\/10\/secure-1-300x238.jpg 300w, https:\/\/www.lesmerveillesdupacifique.com\/wp-content\/uploads\/2021\/10\/secure-1-660x523.jpg 660w, https:\/\/www.lesmerveillesdupacifique.com\/wp-content\/uploads\/2021\/10\/secure-1-663x529.jpg 663w, https:\/\/www.lesmerveillesdupacifique.com\/wp-content\/uploads\/2021\/10\/secure-1.jpg 668w\" sizes=\"(max-width: 300px) 100vw, 300px\" \/><br \/>\nPAGAMENTO<br \/>\nsicuro al 100%<\/p>\n<p>[\/vc_column_text][\/vc_column][vc_column width=&#8221;1\/4&#8243;][vc_column_text]<\/p>\n<p class=\"bt-ico\" style=\"text-align: center;\"><img loading=\"lazy\" class=\"alignnone wp-image-3420 size-medium\" src=\"https:\/\/www.lesmerveillesdupacifique.com\/wp-content\/uploads\/2021\/10\/delivery-300x238.jpg\" alt=\"\" width=\"300\" height=\"238\" srcset=\"https:\/\/www.lesmerveillesdupacifique.com\/wp-content\/uploads\/2021\/10\/delivery-300x238.jpg 300w, https:\/\/www.lesmerveillesdupacifique.com\/wp-content\/uploads\/2021\/10\/delivery-660x523.jpg 660w, https:\/\/www.lesmerveillesdupacifique.com\/wp-content\/uploads\/2021\/10\/delivery-663x529.jpg 663w, https:\/\/www.lesmerveillesdupacifique.com\/wp-content\/uploads\/2021\/10\/delivery.jpg 668w\" sizes=\"(max-width: 300px) 100vw, 300px\" \/><br \/>\nSPEDIZIONE GRATUITA<br \/>\nda 300\u20ac<\/p>\n<p>[\/vc_column_text][\/vc_column][vc_column width=&#8221;1\/4&#8243;][vc_column_text]<\/p>\n<p class=\"bt-ico\" style=\"text-align: center;\"><img loading=\"lazy\" class=\"alignnone wp-image-3424 size-medium\" src=\"https:\/\/www.lesmerveillesdupacifique.com\/wp-content\/uploads\/2021\/10\/service-1-300x238.jpg\" alt=\"\" width=\"300\" height=\"238\" srcset=\"https:\/\/www.lesmerveillesdupacifique.com\/wp-content\/uploads\/2021\/10\/service-1-300x238.jpg 300w, https:\/\/www.lesmerveillesdupacifique.com\/wp-content\/uploads\/2021\/10\/service-1-660x523.jpg 660w, https:\/\/www.lesmerveillesdupacifique.com\/wp-content\/uploads\/2021\/10\/service-1-663x529.jpg 663w, https:\/\/www.lesmerveillesdupacifique.com\/wp-content\/uploads\/2021\/10\/service-1.jpg 668w\" sizes=\"(max-width: 300px) 100vw, 300px\" \/><br \/>\nSERVIZIO<br \/>\nclienti<\/p>\n<p>[\/vc_column_text][\/vc_column][vc_column width=&#8221;1\/4&#8243;][vc_column_text]<\/p>\n<p class=\"bt-ico\" style=\"text-align: center;\"><img loading=\"lazy\" class=\"alignnone wp-image-3421 size-medium\" src=\"https:\/\/www.lesmerveillesdupacifique.com\/wp-content\/uploads\/2021\/10\/geoloc-300x238.jpg\" alt=\"\" width=\"300\" height=\"238\" srcset=\"https:\/\/www.lesmerveillesdupacifique.com\/wp-content\/uploads\/2021\/10\/geoloc-300x238.jpg 300w, https:\/\/www.lesmerveillesdupacifique.com\/wp-content\/uploads\/2021\/10\/geoloc-660x523.jpg 660w, https:\/\/www.lesmerveillesdupacifique.com\/wp-content\/uploads\/2021\/10\/geoloc-663x529.jpg 663w, https:\/\/www.lesmerveillesdupacifique.com\/wp-content\/uploads\/2021\/10\/geoloc.jpg 668w\" sizes=\"(max-width: 300px) 100vw, 300px\" \/><br \/>\nCLICK &amp; COLLECT<br \/>\nin 2 ore offerto<\/p>\n<p>[\/vc_column_text][\/vc_column][\/vc_row]<\/p>","protected":false},"excerpt":{"rendered":"<p>[vc_section full_width=&#8221;stretch_row&#8221; full_height=&#8221;yes&#8221; content_placement=&#8221;middle&#8221; css=&#8221;.vc_custom_1618923363140{background-image: url(https:\/\/www.lesmerveillesdupacifique.com\/wp-content\/uploads\/2021\/04\/reiseuhu-5SOTm1RlCmg-unsplash-1-scaled.jpg?id=3257) !important;background-position: center !important;background-repeat: no-repeat !important;background-size: cover !important;}&#8221; el_class=&#8221;ripple-it&#8221;][vc_row content_placement=&#8221;middle&#8221; css=&#8221;.vc_custom_1591890579297{margin-top: 50px !important;}&#8221;][vc_column el_class=&#8221;special-wrapper&#8221;][vc_column_text] Importatori di perle di coltura di Tahiti dal 2009 Direttamente dagli&hellip;<\/p>\n","protected":false},"author":6,"featured_media":0,"parent":0,"menu_order":0,"comment_status":"closed","ping_status":"open","template":"templates\/large-container.php","meta":{"_mi_skip_tracking":false},"yoast_head":"<!-- This site is optimized with the Yoast SEO plugin v18.3 - https:\/\/yoast.com\/wordpress\/plugins\/seo\/ -->\n<title>Les Merveilles du Pacifique - Importateur et grossiste de perles de Tahiti depuis 2009<\/title>\n<meta name=\"description\" content=\"Jeune, dynamique et dot\u00e9e d\u2019une s\u00e9rieuse expertise de la Perle de Culture de Tahiti, nous sommes l\u2019une des soci\u00e9t\u00e9s leaders sur le march\u00e9 de cette perle en France.\" \/>\n<meta name=\"robots\" content=\"index, follow, max-snippet:-1, max-image-preview:large, max-video-preview:-1\" \/>\n<link rel=\"canonical\" href=\"https:\/\/www.lesmerveillesdupacifique.com\/it\/accueil\/\" \/>\n<meta property=\"og:locale\" content=\"it_IT\" \/>\n<meta property=\"og:type\" content=\"article\" \/>\n<meta property=\"og:title\" content=\"Les Merveilles du Pacifique - Importateur et grossiste de perles de Tahiti depuis 2009\" \/>\n<meta property=\"og:description\" content=\"Jeune, dynamique et dot\u00e9e d\u2019une s\u00e9rieuse expertise de la Perle de Culture de Tahiti, nous sommes l\u2019une des soci\u00e9t\u00e9s leaders sur le march\u00e9 de cette perle en France.\" \/>\n<meta property=\"og:url\" content=\"https:\/\/www.lesmerveillesdupacifique.com\/accueil\/\" \/>\n<meta property=\"og:site_name\" content=\"Les Merveilles du Pacifique\" \/>\n<meta property=\"og:image\" content=\"https:\/\/www.lesmerveillesdupacifique.com\/wp-content\/uploads\/2021\/10\/secure-1-300x238.jpg\" \/>\n<meta name=\"twitter:card\" content=\"summary_large_image\" \/>\n<meta name=\"twitter:label1\" content=\"Tempo di lettura stimato\" \/>\n\t<meta name=\"twitter:data1\" content=\"3 minuti\" \/>\n<script type=\"application\/ld+json\" class=\"yoast-schema-graph\">{\"@context\":\"https:\/\/schema.org\",\"@graph\":[{\"@type\":\"WebSite\",\"@id\":\"https:\/\/www.lesmerveillesdupacifique.com\/fr\/#website\",\"url\":\"https:\/\/www.lesmerveillesdupacifique.com\/fr\/\",\"name\":\"Les Merveilles du Pacifique\",\"description\":\"Perles de culture de Tahiti\",\"potentialAction\":[{\"@type\":\"SearchAction\",\"target\":{\"@type\":\"EntryPoint\",\"urlTemplate\":\"https:\/\/www.lesmerveillesdupacifique.com\/fr\/?s={search_term_string}\"},\"query-input\":\"required name=search_term_string\"}],\"inLanguage\":\"it-IT\"},{\"@type\":\"ImageObject\",\"@id\":\"https:\/\/www.lesmerveillesdupacifique.com\/accueil\/#primaryimage\",\"inLanguage\":\"it-IT\",\"url\":\"https:\/\/www.lesmerveillesdupacifique.com\/wp-content\/uploads\/2021\/10\/secure-1.jpg\",\"contentUrl\":\"https:\/\/www.lesmerveillesdupacifique.com\/wp-content\/uploads\/2021\/10\/secure-1.jpg\",\"width\":668,\"height\":529},{\"@type\":\"WebPage\",\"@id\":\"https:\/\/www.lesmerveillesdupacifique.com\/accueil\/#webpage\",\"url\":\"https:\/\/www.lesmerveillesdupacifique.com\/accueil\/\",\"name\":\"Les Merveilles du Pacifique - Importateur et grossiste de perles de Tahiti depuis 2009\",\"isPartOf\":{\"@id\":\"https:\/\/www.lesmerveillesdupacifique.com\/fr\/#website\"},\"primaryImageOfPage\":{\"@id\":\"https:\/\/www.lesmerveillesdupacifique.com\/accueil\/#primaryimage\"},\"datePublished\":\"2025-04-14T09:45:49+00:00\",\"dateModified\":\"2025-04-14T09:45:49+00:00\",\"description\":\"Jeune, dynamique et dot\u00e9e d\u2019une s\u00e9rieuse expertise de la Perle de Culture de Tahiti, nous sommes l\u2019une des soci\u00e9t\u00e9s leaders sur le march\u00e9 de cette perle en France.\",\"breadcrumb\":{\"@id\":\"https:\/\/www.lesmerveillesdupacifique.com\/accueil\/#breadcrumb\"},\"inLanguage\":\"it-IT\",\"potentialAction\":[{\"@type\":\"ReadAction\",\"target\":[\"https:\/\/www.lesmerveillesdupacifique.com\/accueil\/\"]}]},{\"@type\":\"BreadcrumbList\",\"@id\":\"https:\/\/www.lesmerveillesdupacifique.com\/accueil\/#breadcrumb\",\"itemListElement\":[{\"@type\":\"ListItem\",\"position\":1,\"name\":\"Accueil\",\"item\":\"https:\/\/www.lesmerveillesdupacifique.com\/\"},{\"@type\":\"ListItem\",\"position\":2,\"name\":\"Accueil\"}]}]}<\/script>\n<!-- \/ Yoast SEO plugin. -->","yoast_head_json":{"title":"Les Merveilles du Pacifique - Importateur et grossiste de perles de Tahiti depuis 2009","description":"Jeune, dynamique et dot\u00e9e d\u2019une s\u00e9rieuse expertise de la Perle de Culture de Tahiti, nous sommes l\u2019une des soci\u00e9t\u00e9s leaders sur le march\u00e9 de cette perle en France.","robots":{"index":"index","follow":"follow","max-snippet":"max-snippet:-1","max-image-preview":"max-image-preview:large","max-video-preview":"max-video-preview:-1"},"canonical":"https:\/\/www.lesmerveillesdupacifique.com\/it\/accueil\/","og_locale":"it_IT","og_type":"article","og_title":"Les Merveilles du Pacifique - Importateur et grossiste de perles de Tahiti depuis 2009","og_description":"Jeune, dynamique et dot\u00e9e d\u2019une s\u00e9rieuse expertise de la Perle de Culture de Tahiti, nous sommes l\u2019une des soci\u00e9t\u00e9s leaders sur le march\u00e9 de cette perle en France.","og_url":"https:\/\/www.lesmerveillesdupacifique.com\/accueil\/","og_site_name":"Les Merveilles du Pacifique","og_image":[{"url":"https:\/\/www.lesmerveillesdupacifique.com\/wp-content\/uploads\/2021\/10\/secure-1-300x238.jpg"}],"twitter_card":"summary_large_image","twitter_misc":{"Tempo di lettura stimato":"3 minuti"},"schema":{"@context":"https:\/\/schema.org","@graph":[{"@type":"WebSite","@id":"https:\/\/www.lesmerveillesdupacifique.com\/fr\/#website","url":"https:\/\/www.lesmerveillesdupacifique.com\/fr\/","name":"Les Merveilles du Pacifique","description":"Perles de culture de Tahiti","potentialAction":[{"@type":"SearchAction","target":{"@type":"EntryPoint","urlTemplate":"https:\/\/www.lesmerveillesdupacifique.com\/fr\/?s={search_term_string}"},"query-input":"required name=search_term_string"}],"inLanguage":"it-IT"},{"@type":"ImageObject","@id":"https:\/\/www.lesmerveillesdupacifique.com\/accueil\/#primaryimage","inLanguage":"it-IT","url":"https:\/\/www.lesmerveillesdupacifique.com\/wp-content\/uploads\/2021\/10\/secure-1.jpg","contentUrl":"https:\/\/www.lesmerveillesdupacifique.com\/wp-content\/uploads\/2021\/10\/secure-1.jpg","width":668,"height":529},{"@type":"WebPage","@id":"https:\/\/www.lesmerveillesdupacifique.com\/accueil\/#webpage","url":"https:\/\/www.lesmerveillesdupacifique.com\/accueil\/","name":"Les Merveilles du Pacifique - Importateur et grossiste de perles de Tahiti depuis 2009","isPartOf":{"@id":"https:\/\/www.lesmerveillesdupacifique.com\/fr\/#website"},"primaryImageOfPage":{"@id":"https:\/\/www.lesmerveillesdupacifique.com\/accueil\/#primaryimage"},"datePublished":"2025-04-14T09:45:49+00:00","dateModified":"2025-04-14T09:45:49+00:00","description":"Jeune, dynamique et dot\u00e9e d\u2019une s\u00e9rieuse expertise de la Perle de Culture de Tahiti, nous sommes l\u2019une des soci\u00e9t\u00e9s leaders sur le march\u00e9 de cette perle en France.","breadcrumb":{"@id":"https:\/\/www.lesmerveillesdupacifique.com\/accueil\/#breadcrumb"},"inLanguage":"it-IT","potentialAction":[{"@type":"ReadAction","target":["https:\/\/www.lesmerveillesdupacifique.com\/accueil\/"]}]},{"@type":"BreadcrumbList","@id":"https:\/\/www.lesmerveillesdupacifique.com\/accueil\/#breadcrumb","itemListElement":[{"@type":"ListItem","position":1,"name":"Accueil","item":"https:\/\/www.lesmerveillesdupacifique.com\/"},{"@type":"ListItem","position":2,"name":"Accueil"}]}]}},"acf":[],"_links":{"self":[{"href":"https:\/\/www.lesmerveillesdupacifique.com\/it\/wp-json\/wp\/v2\/pages\/3814"}],"collection":[{"href":"https:\/\/www.lesmerveillesdupacifique.com\/it\/wp-json\/wp\/v2\/pages"}],"about":[{"href":"https:\/\/www.lesmerveillesdupacifique.com\/it\/wp-json\/wp\/v2\/types\/page"}],"author":[{"embeddable":true,"href":"https:\/\/www.lesmerveillesdupacifique.com\/it\/wp-json\/wp\/v2\/users\/6"}],"replies":[{"embeddable":true,"href":"https:\/\/www.lesmerveillesdupacifique.com\/it\/wp-json\/wp\/v2\/comments?post=3814"}],"version-history":[{"count":1,"href":"https:\/\/www.lesmerveillesdupacifique.com\/it\/wp-json\/wp\/v2\/pages\/3814\/revisions"}],"predecessor-version":[{"id":4306,"href":"https:\/\/www.lesmerveillesdupacifique.com\/it\/wp-json\/wp\/v2\/pages\/3814\/revisions\/4306"}],"wp:attachment":[{"href":"https:\/\/www.lesmerveillesdupacifique.com\/it\/wp-json\/wp\/v2\/media?parent=3814"}],"curies":[{"name":"wp","href":"https:\/\/api.w.org\/{rel}","templated":true}]}}