{"id":3814,"date":"2025-04-14T11:45:49","date_gmt":"2025-04-14T09:45:49","guid":{"rendered":"https:\/\/www.lesmerveillesdupacifique.com\/?page_id=3814"},"modified":"2025-04-14T11:45:49","modified_gmt":"2025-04-14T09:45:49","slug":"accueil","status":"publish","type":"page","link":"https:\/\/www.lesmerveillesdupacifique.com\/fr\/accueil\/","title":{"rendered":"Accueil"},"content":{"rendered":"<p>[vc_section full_width=\u00a0\u00bbstretch_row\u00a0\u00bb full_height=\u00a0\u00bbyes\u00a0\u00bb content_placement=\u00a0\u00bbmiddle\u00a0\u00bb css_animation=\u00a0\u00bbnone\u00a0\u00bb css=\u00a0\u00bb.vc_custom_1618582169298{background-image: url(https:\/\/www.lesmerveillesdupacifique.com\/wp-content\/uploads\/2021\/04\/reiseuhu-5SOTm1RlCmg-unsplash-1-scaled.jpg?id=3257) !important;background-position: center !important;background-repeat: no-repeat !important;background-size: cover !important;}\u00a0\u00bb el_class=\u00a0\u00bbripple-it\u00a0\u00bb][vc_row content_placement=\u00a0\u00bbmiddle\u00a0\u00bb css=\u00a0\u00bb.vc_custom_1591890579297{margin-top: 50px !important;}\u00a0\u00bb][vc_column el_class=\u00a0\u00bbspecial-wrapper\u00a0\u00bb][vc_column_text]<\/p>\n<div class=\"hero-box-white\">\n<h1 style=\"text-align: center;\"><span style=\"color: #000000;\">Importateur de Perles de Culture<\/span><br \/>\n<span style=\"color: #000000;\">de Tahiti depuis 2009<\/span><\/h1>\n<p style=\"text-align: center;\"><span style=\"font-size: 19px; color: #000000;\">En direct des fermes perli\u00e8res<\/span><\/p>\n<\/div>\n<p>[\/vc_column_text][\/vc_column][\/vc_row][\/vc_section][vc_row css=\u00a0\u00bb.vc_custom_1589893714018{padding-top: 100px !important;padding-bottom: 80px !important;background-position: center !important;background-repeat: no-repeat !important;background-size: cover !important;}\u00a0\u00bb][vc_column width=\u00a0\u00bb1\/6&Prime;][\/vc_column][vc_column width=\u00a0\u00bb2\/3&Prime;][vc_column_text]<\/p>\n<h2 style=\"text-align: center;\"><span style=\"color: #000000;\">La perle de Tahiti est une perle de culture qui est cultiv\u00e9e exclusivement dans les lagons polyn\u00e9siens, dans l\u2019hu\u00eetre \u00e0 l\u00e8vres noires, autrement appel\u00e9e Pinctada Margaritifera.<\/span><\/h2>\n<p>[\/vc_column_text][vc_column_text]<\/p>\n<p class=\"p1\" style=\"text-align: center;\">Directement r\u00e9colt\u00e9es des fermes perli\u00e8res, nos perles, de qualit\u00e9 sup\u00e9rieure, se distinguent tout autant par la singularit\u00e9 de leurs couleurs que par la vari\u00e9t\u00e9 des reflets et nuances qu&rsquo;elles offrent naturellement.<\/p>\n<p>[\/vc_column_text][vc_btn title=\u00a0\u00bbEn savoir plus\u00a0\u00bb color=\u00a0\u00bbgreen\u00a0\u00bb align=\u00a0\u00bbcenter\u00a0\u00bb link=\u00a0\u00bburl:http%3A%2F%2Fwww.lesmerveillesdupacifique.com%2Fprod%2Fla-perle-de-culture-de-tahiti%2F|||\u00a0\u00bb][\/vc_column][vc_column width=\u00a0\u00bb1\/6&Prime;][\/vc_column][\/vc_row][vc_section full_width=\u00a0\u00bbstretch_row_content\u00a0\u00bb content_placement=\u00a0\u00bbmiddle\u00a0\u00bb css=\u00a0\u00bb.vc_custom_1625574114931{margin-top: 0px !important;margin-right: 0px !important;margin-left: 0px !important;padding-top: 0px !important;background-position: center !important;background-repeat: no-repeat !important;background-size: cover !important;}\u00a0\u00bb el_class=\u00a0\u00bbdesktop-only\u00a0\u00bb][vc_row css=\u00a0\u00bb.vc_custom_1625574088809{padding-right: 0px !important;padding-left: 0px !important;}\u00a0\u00bb][vc_column css=\u00a0\u00bb.vc_custom_1625574106813{padding-right: 0px !important;padding-left: 0px !important;}\u00a0\u00bb][vc_raw_html]JTNDdmlkZW8lMjBjb250cm9scyUyMHdpZHRoJTNEJTIyMTAwJTI1JTIyJTNFJTBBJTIwJTIwJTNDc291cmNlJTIwc3JjJTNEJTIyaHR0cHMlM0ElMkYlMkZ3d3cubGVzbWVydmVpbGxlc2R1cGFjaWZpcXVlLmNvbSUyRndwLWNvbnRlbnQlMkZ0aGVtZXMlMkZrb250ZS1jaGlsZCUyRmxtZHAtaG9tZS0yLm1wNCUyMiUyMHR5cGUlM0QlMjJ2aWRlbyUyRm1wNCUyMiUzRSUwQSUzQyUyRnZpZGVvJTNF[\/vc_raw_html][\/vc_column][\/vc_row][\/vc_section][vc_section content_placement=\u00a0\u00bbmiddle\u00a0\u00bb css=\u00a0\u00bb.vc_custom_1591618378035{margin-top: 50px !important;margin-bottom: 80px !important;background-position: center !important;background-repeat: no-repeat !important;background-size: cover !important;}\u00a0\u00bb][vc_row][vc_column][vc_column_text css=\u00a0\u00bb.vc_custom_1590593081088{padding-bottom: 25px !important;}\u00a0\u00bb]<\/p>\n<h2 style=\"text-align: center;\"><span style=\"color: #000000;\">Nouveaut\u00e9s<\/span><\/h2>\n<p>[\/vc_column_text]<div class=\"woocommerce columns-4 \"><ul class=\"products hover-other_image columns-4\"><li class=\"product type-product post-4271 status-publish first instock product_cat-bracelets has-post-thumbnail featured taxable shipping-taxable purchasable product-type-simple\">\n\t<div class=\"product-inner\"><span class=\"woocommerce-badges woocommerce-badges--rectangle\"><span class=\"new woocommerce-badge\"><span>Nouveaut\u00e9<\/span><\/span><\/span><div class=\"product-thumbnail product-thumbnails--hover\"><a href=\"https:\/\/www.lesmerveillesdupacifique.com\/fr\/produit\/bracelet-perle-baroque-avec-des-hematites-brc07-gris\/\" class=\"woocommerce-LoopProduct-link woocommerce-loop-product__link\"><img width=\"663\" height=\"663\" src=\"https:\/\/www.lesmerveillesdupacifique.com\/wp-content\/uploads\/2024\/12\/2024-11-06-07-48-07-BR5S1-copie-663x663.jpg\" class=\"attachment-woocommerce_thumbnail size-woocommerce_thumbnail\" alt=\"\" loading=\"lazy\" srcset=\"https:\/\/www.lesmerveillesdupacifique.com\/wp-content\/uploads\/2024\/12\/2024-11-06-07-48-07-BR5S1-copie-663x663.jpg 663w, https:\/\/www.lesmerveillesdupacifique.com\/wp-content\/uploads\/2024\/12\/2024-11-06-07-48-07-BR5S1-copie-150x150.jpg 150w, https:\/\/www.lesmerveillesdupacifique.com\/wp-content\/uploads\/2024\/12\/2024-11-06-07-48-07-BR5S1-copie-660x660.jpg 660w\" sizes=\"(max-width: 663px) 100vw, 663px\" \/><img width=\"663\" height=\"663\" src=\"https:\/\/www.lesmerveillesdupacifique.com\/wp-content\/uploads\/2022\/11\/Snapseed-663x663.jpg\" class=\"attachment-woocommerce_thumbnail size-woocommerce_thumbnail hover-image\" alt=\"\" loading=\"lazy\" srcset=\"https:\/\/www.lesmerveillesdupacifique.com\/wp-content\/uploads\/2022\/11\/Snapseed-663x663.jpg 663w, https:\/\/www.lesmerveillesdupacifique.com\/wp-content\/uploads\/2022\/11\/Snapseed-150x150.jpg 150w, https:\/\/www.lesmerveillesdupacifique.com\/wp-content\/uploads\/2022\/11\/Snapseed-660x660.jpg 660w\" sizes=\"(max-width: 663px) 100vw, 663px\" \/><\/a><\/div><div class=\"product-summary\"><h2 class=\"woocommerce-loop-product__title\"><a href=\"https:\/\/www.lesmerveillesdupacifique.com\/fr\/produit\/bracelet-perle-baroque-avec-des-hematites-brc07-gris\/\" class=\"woocommerce-LoopProduct-link woocommerce-loop-product__link\">Bracelet perle baroque avec des h\u00e9matites &#8211; BRC07 gris<\/a><\/h2><div class=\"buttons clearfix\"><a href=\"?add-to-cart=4271\" data-quantity=\"1\" class=\"button product_type_simple add_to_cart_button ajax_add_to_cart woocommerce-loop-product__button\" data-product_id=\"4271\" data-product_sku=\"\" aria-label=\"Ajouter &ldquo;Bracelet perle baroque avec des h\u00e9matites - BRC07 gris&rdquo; \u00e0 votre panier\" rel=\"nofollow\">Ajouter au panier<\/a><a href=\"\/fr\/wp-json\/wp\/v2\/pages\/3814?add_to_wishlist=4271\" data-product_id=\"4271\" data-product_type=\"simple\" class=\"button add-to-wishlist-button add-to-wishlist-4271 \" rel=\"nofollow\">\n\t\t\t\t<span class=\"add-to-wishlist add\">\n\t\t\t\t\t<span class=\"svg-icon icon-heart-o size-normal \"><svg role=\"img\"> <use href=\"#heart-o\" xlink:href=\"#heart-o\"><\/use> <\/svg><\/span>\n\t\t\t\t\t<span class=\"screen-reader-text button-text\">Ajouter aux favoris<\/span>\n\t\t\t\t<\/span>\n\t\t\t\t<span class=\"adding-to-wishlist adding\">\n\t\t\t\t\t<span class=\"spinner\"><\/span>\n\t\t\t\t\t<span class=\"screen-reader-text button-text\">Ajout en cours<\/span>\n\t\t\t\t<\/span>\n\t\t\t\t<span class=\"brow-wishlist added\">\n\t\t\t\t\t<span class=\"svg-icon icon-heart size-normal \"><svg role=\"img\"> <use href=\"#heart\" xlink:href=\"#heart\"><\/use> <\/svg><\/span>\n\t\t\t\t\t<span class=\"screen-reader-text button-text\">Ajout\u00e9 aux favoris<\/span>\n\t\t\t\t<\/span>\n\t\t\t<\/a><\/div><\/div><\/div><\/li>\n<li class=\"product type-product post-4269 status-publish instock product_cat-bracelets has-post-thumbnail featured taxable shipping-taxable purchasable product-type-simple\">\n\t<div class=\"product-inner\"><span class=\"woocommerce-badges woocommerce-badges--rectangle\"><span class=\"new woocommerce-badge\"><span>Nouveaut\u00e9<\/span><\/span><\/span><div class=\"product-thumbnail product-thumbnails--hover\"><a href=\"https:\/\/www.lesmerveillesdupacifique.com\/fr\/produit\/bracelet-perle-baroque-avec-des-hematites-brc07-marron\/\" class=\"woocommerce-LoopProduct-link woocommerce-loop-product__link\"><img width=\"663\" height=\"663\" src=\"https:\/\/www.lesmerveillesdupacifique.com\/wp-content\/uploads\/2024\/12\/2024-11-06-09-52-49-BR5S1-copie-663x663.jpg\" class=\"attachment-woocommerce_thumbnail size-woocommerce_thumbnail\" alt=\"\" loading=\"lazy\" srcset=\"https:\/\/www.lesmerveillesdupacifique.com\/wp-content\/uploads\/2024\/12\/2024-11-06-09-52-49-BR5S1-copie-663x663.jpg 663w, https:\/\/www.lesmerveillesdupacifique.com\/wp-content\/uploads\/2024\/12\/2024-11-06-09-52-49-BR5S1-copie-150x150.jpg 150w, https:\/\/www.lesmerveillesdupacifique.com\/wp-content\/uploads\/2024\/12\/2024-11-06-09-52-49-BR5S1-copie-660x660.jpg 660w\" sizes=\"(max-width: 663px) 100vw, 663px\" \/><img width=\"663\" height=\"663\" src=\"https:\/\/www.lesmerveillesdupacifique.com\/wp-content\/uploads\/2022\/11\/Snapseed-663x663.jpg\" class=\"attachment-woocommerce_thumbnail size-woocommerce_thumbnail hover-image\" alt=\"\" loading=\"lazy\" srcset=\"https:\/\/www.lesmerveillesdupacifique.com\/wp-content\/uploads\/2022\/11\/Snapseed-663x663.jpg 663w, https:\/\/www.lesmerveillesdupacifique.com\/wp-content\/uploads\/2022\/11\/Snapseed-150x150.jpg 150w, https:\/\/www.lesmerveillesdupacifique.com\/wp-content\/uploads\/2022\/11\/Snapseed-660x660.jpg 660w\" sizes=\"(max-width: 663px) 100vw, 663px\" \/><\/a><\/div><div class=\"product-summary\"><h2 class=\"woocommerce-loop-product__title\"><a href=\"https:\/\/www.lesmerveillesdupacifique.com\/fr\/produit\/bracelet-perle-baroque-avec-des-hematites-brc07-marron\/\" class=\"woocommerce-LoopProduct-link woocommerce-loop-product__link\">Bracelet perle baroque avec des h\u00e9matites &#8211; BRC07 marron<\/a><\/h2><div class=\"buttons clearfix\"><a href=\"?add-to-cart=4269\" data-quantity=\"1\" class=\"button product_type_simple add_to_cart_button ajax_add_to_cart woocommerce-loop-product__button\" data-product_id=\"4269\" data-product_sku=\"\" aria-label=\"Ajouter &ldquo;Bracelet perle baroque avec des h\u00e9matites - BRC07 marron&rdquo; \u00e0 votre panier\" rel=\"nofollow\">Ajouter au panier<\/a><a href=\"\/fr\/wp-json\/wp\/v2\/pages\/3814?add_to_wishlist=4269\" data-product_id=\"4269\" data-product_type=\"simple\" class=\"button add-to-wishlist-button add-to-wishlist-4269 \" rel=\"nofollow\">\n\t\t\t\t<span class=\"add-to-wishlist add\">\n\t\t\t\t\t<span class=\"svg-icon icon-heart-o size-normal \"><svg role=\"img\"> <use href=\"#heart-o\" xlink:href=\"#heart-o\"><\/use> <\/svg><\/span>\n\t\t\t\t\t<span class=\"screen-reader-text button-text\">Ajouter aux favoris<\/span>\n\t\t\t\t<\/span>\n\t\t\t\t<span class=\"adding-to-wishlist adding\">\n\t\t\t\t\t<span class=\"spinner\"><\/span>\n\t\t\t\t\t<span class=\"screen-reader-text button-text\">Ajout en cours<\/span>\n\t\t\t\t<\/span>\n\t\t\t\t<span class=\"brow-wishlist added\">\n\t\t\t\t\t<span class=\"svg-icon icon-heart size-normal \"><svg role=\"img\"> <use href=\"#heart\" xlink:href=\"#heart\"><\/use> <\/svg><\/span>\n\t\t\t\t\t<span class=\"screen-reader-text button-text\">Ajout\u00e9 aux favoris<\/span>\n\t\t\t\t<\/span>\n\t\t\t<\/a><\/div><\/div><\/div><\/li>\n<li class=\"product type-product post-3742 status-publish instock product_cat-bracelets has-post-thumbnail featured taxable shipping-taxable purchasable product-type-simple\">\n\t<div class=\"product-inner\"><div class=\"product-thumbnail product-thumbnails--hover\"><a href=\"https:\/\/www.lesmerveillesdupacifique.com\/fr\/produit\/bracelet-elastique-avec-perles-cerclees-bra18\/\" class=\"woocommerce-LoopProduct-link woocommerce-loop-product__link\"><img width=\"663\" height=\"663\" src=\"https:\/\/www.lesmerveillesdupacifique.com\/wp-content\/uploads\/2022\/11\/BRA18-663x663.jpg\" class=\"attachment-woocommerce_thumbnail size-woocommerce_thumbnail\" alt=\"\" loading=\"lazy\" srcset=\"https:\/\/www.lesmerveillesdupacifique.com\/wp-content\/uploads\/2022\/11\/BRA18-663x663.jpg 663w, https:\/\/www.lesmerveillesdupacifique.com\/wp-content\/uploads\/2022\/11\/BRA18-150x150.jpg 150w, https:\/\/www.lesmerveillesdupacifique.com\/wp-content\/uploads\/2022\/11\/BRA18-660x660.jpg 660w\" sizes=\"(max-width: 663px) 100vw, 663px\" \/><img width=\"663\" height=\"663\" src=\"https:\/\/www.lesmerveillesdupacifique.com\/wp-content\/uploads\/2022\/11\/BRA-18-663x663.png\" class=\"attachment-woocommerce_thumbnail size-woocommerce_thumbnail hover-image\" alt=\"Bracelet \u00e9lastique avec perles de culture de Tahiti homme\" loading=\"lazy\" srcset=\"https:\/\/www.lesmerveillesdupacifique.com\/wp-content\/uploads\/2022\/11\/BRA-18-663x663.png 663w, https:\/\/www.lesmerveillesdupacifique.com\/wp-content\/uploads\/2022\/11\/BRA-18-150x150.png 150w, https:\/\/www.lesmerveillesdupacifique.com\/wp-content\/uploads\/2022\/11\/BRA-18-660x660.png 660w\" sizes=\"(max-width: 663px) 100vw, 663px\" \/><\/a><\/div><div class=\"product-summary\"><h2 class=\"woocommerce-loop-product__title\"><a href=\"https:\/\/www.lesmerveillesdupacifique.com\/fr\/produit\/bracelet-elastique-avec-perles-cerclees-bra18\/\" class=\"woocommerce-LoopProduct-link woocommerce-loop-product__link\">Bracelet \u00e9lastique avec perles cercl\u00e9es &#8211; BRA18<\/a><\/h2><div class=\"buttons clearfix\"><a href=\"?add-to-cart=3742\" data-quantity=\"1\" class=\"button product_type_simple add_to_cart_button ajax_add_to_cart woocommerce-loop-product__button\" data-product_id=\"3742\" data-product_sku=\"\" aria-label=\"Ajouter &ldquo;Bracelet \u00e9lastique avec perles cercl\u00e9es - BRA18&rdquo; \u00e0 votre panier\" rel=\"nofollow\">Ajouter au panier<\/a><a href=\"\/fr\/wp-json\/wp\/v2\/pages\/3814?add_to_wishlist=3742\" data-product_id=\"3742\" data-product_type=\"simple\" class=\"button add-to-wishlist-button add-to-wishlist-3742 \" rel=\"nofollow\">\n\t\t\t\t<span class=\"add-to-wishlist add\">\n\t\t\t\t\t<span class=\"svg-icon icon-heart-o size-normal \"><svg role=\"img\"> <use href=\"#heart-o\" xlink:href=\"#heart-o\"><\/use> <\/svg><\/span>\n\t\t\t\t\t<span class=\"screen-reader-text button-text\">Ajouter aux favoris<\/span>\n\t\t\t\t<\/span>\n\t\t\t\t<span class=\"adding-to-wishlist adding\">\n\t\t\t\t\t<span class=\"spinner\"><\/span>\n\t\t\t\t\t<span class=\"screen-reader-text button-text\">Ajout en cours<\/span>\n\t\t\t\t<\/span>\n\t\t\t\t<span class=\"brow-wishlist added\">\n\t\t\t\t\t<span class=\"svg-icon icon-heart size-normal \"><svg role=\"img\"> <use href=\"#heart\" xlink:href=\"#heart\"><\/use> <\/svg><\/span>\n\t\t\t\t\t<span class=\"screen-reader-text button-text\">Ajout\u00e9 aux favoris<\/span>\n\t\t\t\t<\/span>\n\t\t\t<\/a><\/div><\/div><\/div><\/li>\n<li class=\"product type-product post-3739 status-publish last instock product_cat-bracelets has-post-thumbnail featured taxable shipping-taxable purchasable product-type-simple\">\n\t<div class=\"product-inner\"><div class=\"product-thumbnail\"><a href=\"https:\/\/www.lesmerveillesdupacifique.com\/fr\/produit\/bracelet-elastique-cerclees-bra17\/\" class=\"woocommerce-LoopProduct-link woocommerce-loop-product__link\"><img width=\"663\" height=\"663\" src=\"https:\/\/www.lesmerveillesdupacifique.com\/wp-content\/uploads\/2022\/11\/BRA17-663x663.jpg\" class=\"attachment-woocommerce_thumbnail size-woocommerce_thumbnail\" alt=\"\" loading=\"lazy\" srcset=\"https:\/\/www.lesmerveillesdupacifique.com\/wp-content\/uploads\/2022\/11\/BRA17-663x663.jpg 663w, https:\/\/www.lesmerveillesdupacifique.com\/wp-content\/uploads\/2022\/11\/BRA17-150x150.jpg 150w, https:\/\/www.lesmerveillesdupacifique.com\/wp-content\/uploads\/2022\/11\/BRA17-660x660.jpg 660w\" sizes=\"(max-width: 663px) 100vw, 663px\" \/><\/a><\/div><div class=\"product-summary\"><h2 class=\"woocommerce-loop-product__title\"><a href=\"https:\/\/www.lesmerveillesdupacifique.com\/fr\/produit\/bracelet-elastique-cerclees-bra17\/\" class=\"woocommerce-LoopProduct-link woocommerce-loop-product__link\">Bracelet \u00e9lastique avec perles cercl\u00e9es &#8211; BRA17<\/a><\/h2><div class=\"buttons clearfix\"><a href=\"?add-to-cart=3739\" data-quantity=\"1\" class=\"button product_type_simple add_to_cart_button ajax_add_to_cart woocommerce-loop-product__button\" data-product_id=\"3739\" data-product_sku=\"\" aria-label=\"Ajouter &ldquo;Bracelet \u00e9lastique avec perles cercl\u00e9es - BRA17&rdquo; \u00e0 votre panier\" rel=\"nofollow\">Ajouter au panier<\/a><a href=\"\/fr\/wp-json\/wp\/v2\/pages\/3814?add_to_wishlist=3739\" data-product_id=\"3739\" data-product_type=\"simple\" class=\"button add-to-wishlist-button add-to-wishlist-3739 \" rel=\"nofollow\">\n\t\t\t\t<span class=\"add-to-wishlist add\">\n\t\t\t\t\t<span class=\"svg-icon icon-heart-o size-normal \"><svg role=\"img\"> <use href=\"#heart-o\" xlink:href=\"#heart-o\"><\/use> <\/svg><\/span>\n\t\t\t\t\t<span class=\"screen-reader-text button-text\">Ajouter aux favoris<\/span>\n\t\t\t\t<\/span>\n\t\t\t\t<span class=\"adding-to-wishlist adding\">\n\t\t\t\t\t<span class=\"spinner\"><\/span>\n\t\t\t\t\t<span class=\"screen-reader-text button-text\">Ajout en cours<\/span>\n\t\t\t\t<\/span>\n\t\t\t\t<span class=\"brow-wishlist added\">\n\t\t\t\t\t<span class=\"svg-icon icon-heart size-normal \"><svg role=\"img\"> <use href=\"#heart\" xlink:href=\"#heart\"><\/use> <\/svg><\/span>\n\t\t\t\t\t<span class=\"screen-reader-text button-text\">Ajout\u00e9 aux favoris<\/span>\n\t\t\t\t<\/span>\n\t\t\t<\/a><\/div><\/div><\/div><\/li>\n<li class=\"product type-product post-3737 status-publish first instock product_cat-bracelets has-post-thumbnail featured taxable shipping-taxable purchasable product-type-simple\">\n\t<div class=\"product-inner\"><div class=\"product-thumbnail\"><a href=\"https:\/\/www.lesmerveillesdupacifique.com\/fr\/produit\/bracelet-3-perles-sur-cordon-noir-brc06\/\" class=\"woocommerce-LoopProduct-link woocommerce-loop-product__link\"><img width=\"663\" height=\"663\" src=\"https:\/\/www.lesmerveillesdupacifique.com\/wp-content\/uploads\/2022\/11\/BRC06-663x663.jpg\" class=\"attachment-woocommerce_thumbnail size-woocommerce_thumbnail\" alt=\"\" loading=\"lazy\" srcset=\"https:\/\/www.lesmerveillesdupacifique.com\/wp-content\/uploads\/2022\/11\/BRC06-663x663.jpg 663w, https:\/\/www.lesmerveillesdupacifique.com\/wp-content\/uploads\/2022\/11\/BRC06-150x150.jpg 150w, https:\/\/www.lesmerveillesdupacifique.com\/wp-content\/uploads\/2022\/11\/BRC06-660x660.jpg 660w\" sizes=\"(max-width: 663px) 100vw, 663px\" \/><\/a><\/div><div class=\"product-summary\"><h2 class=\"woocommerce-loop-product__title\"><a href=\"https:\/\/www.lesmerveillesdupacifique.com\/fr\/produit\/bracelet-3-perles-sur-cordon-noir-brc06\/\" class=\"woocommerce-LoopProduct-link woocommerce-loop-product__link\">Bracelet 3 perles sur cordon noir &#8211; BRC06<\/a><\/h2><div class=\"buttons clearfix\"><a href=\"?add-to-cart=3737\" data-quantity=\"1\" class=\"button product_type_simple add_to_cart_button ajax_add_to_cart woocommerce-loop-product__button\" data-product_id=\"3737\" data-product_sku=\"\" aria-label=\"Ajouter &ldquo;Bracelet 3 perles sur cordon noir - BRC06&rdquo; \u00e0 votre panier\" rel=\"nofollow\">Ajouter au panier<\/a><a href=\"\/fr\/wp-json\/wp\/v2\/pages\/3814?add_to_wishlist=3737\" data-product_id=\"3737\" data-product_type=\"simple\" class=\"button add-to-wishlist-button add-to-wishlist-3737 \" rel=\"nofollow\">\n\t\t\t\t<span class=\"add-to-wishlist add\">\n\t\t\t\t\t<span class=\"svg-icon icon-heart-o size-normal \"><svg role=\"img\"> <use href=\"#heart-o\" xlink:href=\"#heart-o\"><\/use> <\/svg><\/span>\n\t\t\t\t\t<span class=\"screen-reader-text button-text\">Ajouter aux favoris<\/span>\n\t\t\t\t<\/span>\n\t\t\t\t<span class=\"adding-to-wishlist adding\">\n\t\t\t\t\t<span class=\"spinner\"><\/span>\n\t\t\t\t\t<span class=\"screen-reader-text button-text\">Ajout en cours<\/span>\n\t\t\t\t<\/span>\n\t\t\t\t<span class=\"brow-wishlist added\">\n\t\t\t\t\t<span class=\"svg-icon icon-heart size-normal \"><svg role=\"img\"> <use href=\"#heart\" xlink:href=\"#heart\"><\/use> <\/svg><\/span>\n\t\t\t\t\t<span class=\"screen-reader-text button-text\">Ajout\u00e9 aux favoris<\/span>\n\t\t\t\t<\/span>\n\t\t\t<\/a><\/div><\/div><\/div><\/li>\n<li class=\"product type-product post-3735 status-publish instock product_cat-bracelets has-post-thumbnail featured taxable shipping-taxable purchasable product-type-simple\">\n\t<div class=\"product-inner\"><div class=\"product-thumbnail\"><a href=\"https:\/\/www.lesmerveillesdupacifique.com\/fr\/produit\/bracelet-3-perles-sur-cordon-noir-brc05\/\" class=\"woocommerce-LoopProduct-link woocommerce-loop-product__link\"><img width=\"663\" height=\"663\" src=\"https:\/\/www.lesmerveillesdupacifique.com\/wp-content\/uploads\/2022\/11\/BRC05-663x663.jpg\" class=\"attachment-woocommerce_thumbnail size-woocommerce_thumbnail\" alt=\"\" loading=\"lazy\" srcset=\"https:\/\/www.lesmerveillesdupacifique.com\/wp-content\/uploads\/2022\/11\/BRC05-663x663.jpg 663w, https:\/\/www.lesmerveillesdupacifique.com\/wp-content\/uploads\/2022\/11\/BRC05-150x150.jpg 150w, https:\/\/www.lesmerveillesdupacifique.com\/wp-content\/uploads\/2022\/11\/BRC05-660x660.jpg 660w\" sizes=\"(max-width: 663px) 100vw, 663px\" \/><\/a><\/div><div class=\"product-summary\"><h2 class=\"woocommerce-loop-product__title\"><a href=\"https:\/\/www.lesmerveillesdupacifique.com\/fr\/produit\/bracelet-3-perles-sur-cordon-noir-brc05\/\" class=\"woocommerce-LoopProduct-link woocommerce-loop-product__link\">Bracelet 3 perles sur cordon noir &#8211; BRC05<\/a><\/h2><div class=\"buttons clearfix\"><a href=\"?add-to-cart=3735\" data-quantity=\"1\" class=\"button product_type_simple add_to_cart_button ajax_add_to_cart woocommerce-loop-product__button\" data-product_id=\"3735\" data-product_sku=\"\" aria-label=\"Ajouter &ldquo;Bracelet 3 perles sur cordon noir - BRC05&rdquo; \u00e0 votre panier\" rel=\"nofollow\">Ajouter au panier<\/a><a href=\"\/fr\/wp-json\/wp\/v2\/pages\/3814?add_to_wishlist=3735\" data-product_id=\"3735\" data-product_type=\"simple\" class=\"button add-to-wishlist-button add-to-wishlist-3735 \" rel=\"nofollow\">\n\t\t\t\t<span class=\"add-to-wishlist add\">\n\t\t\t\t\t<span class=\"svg-icon icon-heart-o size-normal \"><svg role=\"img\"> <use href=\"#heart-o\" xlink:href=\"#heart-o\"><\/use> <\/svg><\/span>\n\t\t\t\t\t<span class=\"screen-reader-text button-text\">Ajouter aux favoris<\/span>\n\t\t\t\t<\/span>\n\t\t\t\t<span class=\"adding-to-wishlist adding\">\n\t\t\t\t\t<span class=\"spinner\"><\/span>\n\t\t\t\t\t<span class=\"screen-reader-text button-text\">Ajout en cours<\/span>\n\t\t\t\t<\/span>\n\t\t\t\t<span class=\"brow-wishlist added\">\n\t\t\t\t\t<span class=\"svg-icon icon-heart size-normal \"><svg role=\"img\"> <use href=\"#heart\" xlink:href=\"#heart\"><\/use> <\/svg><\/span>\n\t\t\t\t\t<span class=\"screen-reader-text button-text\">Ajout\u00e9 aux favoris<\/span>\n\t\t\t\t<\/span>\n\t\t\t<\/a><\/div><\/div><\/div><\/li>\n<li class=\"product type-product post-3705 status-publish instock product_cat-bracelets has-post-thumbnail featured taxable shipping-taxable purchasable product-type-simple\">\n\t<div class=\"product-inner\"><span class=\"woocommerce-badges woocommerce-badges--rectangle\"><span class=\"new woocommerce-badge\"><span>Nouveaut\u00e9<\/span><\/span><\/span><div class=\"product-thumbnail product-thumbnails--hover\"><a href=\"https:\/\/www.lesmerveillesdupacifique.com\/fr\/produit\/bracelet-perle-baroque-avec-des-hematites-brc07-dore\/\" class=\"woocommerce-LoopProduct-link woocommerce-loop-product__link\"><img width=\"663\" height=\"663\" src=\"https:\/\/www.lesmerveillesdupacifique.com\/wp-content\/uploads\/2022\/11\/2024-11-06-09-54-57-BR5S1-copie-663x663.jpg\" class=\"attachment-woocommerce_thumbnail size-woocommerce_thumbnail\" alt=\"\" loading=\"lazy\" srcset=\"https:\/\/www.lesmerveillesdupacifique.com\/wp-content\/uploads\/2022\/11\/2024-11-06-09-54-57-BR5S1-copie-663x663.jpg 663w, https:\/\/www.lesmerveillesdupacifique.com\/wp-content\/uploads\/2022\/11\/2024-11-06-09-54-57-BR5S1-copie-150x150.jpg 150w, https:\/\/www.lesmerveillesdupacifique.com\/wp-content\/uploads\/2022\/11\/2024-11-06-09-54-57-BR5S1-copie-660x660.jpg 660w\" sizes=\"(max-width: 663px) 100vw, 663px\" \/><img width=\"663\" height=\"663\" src=\"https:\/\/www.lesmerveillesdupacifique.com\/wp-content\/uploads\/2022\/11\/Snapseed-663x663.jpg\" class=\"attachment-woocommerce_thumbnail size-woocommerce_thumbnail hover-image\" alt=\"\" loading=\"lazy\" srcset=\"https:\/\/www.lesmerveillesdupacifique.com\/wp-content\/uploads\/2022\/11\/Snapseed-663x663.jpg 663w, https:\/\/www.lesmerveillesdupacifique.com\/wp-content\/uploads\/2022\/11\/Snapseed-150x150.jpg 150w, https:\/\/www.lesmerveillesdupacifique.com\/wp-content\/uploads\/2022\/11\/Snapseed-660x660.jpg 660w\" sizes=\"(max-width: 663px) 100vw, 663px\" \/><\/a><\/div><div class=\"product-summary\"><h2 class=\"woocommerce-loop-product__title\"><a href=\"https:\/\/www.lesmerveillesdupacifique.com\/fr\/produit\/bracelet-perle-baroque-avec-des-hematites-brc07-dore\/\" class=\"woocommerce-LoopProduct-link woocommerce-loop-product__link\">Bracelet perle baroque avec des h\u00e9matites &#8211; BRC07 dor\u00e9<\/a><\/h2><div class=\"buttons clearfix\"><a href=\"?add-to-cart=3705\" data-quantity=\"1\" class=\"button product_type_simple add_to_cart_button ajax_add_to_cart woocommerce-loop-product__button\" data-product_id=\"3705\" data-product_sku=\"\" aria-label=\"Ajouter &ldquo;Bracelet perle baroque avec des h\u00e9matites - BRC07 dor\u00e9&rdquo; \u00e0 votre panier\" rel=\"nofollow\">Ajouter au panier<\/a><a href=\"\/fr\/wp-json\/wp\/v2\/pages\/3814?add_to_wishlist=3705\" data-product_id=\"3705\" data-product_type=\"simple\" class=\"button add-to-wishlist-button add-to-wishlist-3705 \" rel=\"nofollow\">\n\t\t\t\t<span class=\"add-to-wishlist add\">\n\t\t\t\t\t<span class=\"svg-icon icon-heart-o size-normal \"><svg role=\"img\"> <use href=\"#heart-o\" xlink:href=\"#heart-o\"><\/use> <\/svg><\/span>\n\t\t\t\t\t<span class=\"screen-reader-text button-text\">Ajouter aux favoris<\/span>\n\t\t\t\t<\/span>\n\t\t\t\t<span class=\"adding-to-wishlist adding\">\n\t\t\t\t\t<span class=\"spinner\"><\/span>\n\t\t\t\t\t<span class=\"screen-reader-text button-text\">Ajout en cours<\/span>\n\t\t\t\t<\/span>\n\t\t\t\t<span class=\"brow-wishlist added\">\n\t\t\t\t\t<span class=\"svg-icon icon-heart size-normal \"><svg role=\"img\"> <use href=\"#heart\" xlink:href=\"#heart\"><\/use> <\/svg><\/span>\n\t\t\t\t\t<span class=\"screen-reader-text button-text\">Ajout\u00e9 aux favoris<\/span>\n\t\t\t\t<\/span>\n\t\t\t<\/a><\/div><\/div><\/div><\/li>\n<li class=\"product type-product post-1981 status-publish last instock product_cat-boucles-doreilles has-post-thumbnail featured taxable shipping-taxable purchasable product-type-simple\">\n\t<div class=\"product-inner\"><div class=\"product-thumbnail product-thumbnails--hover\"><a href=\"https:\/\/www.lesmerveillesdupacifique.com\/fr\/produit\/boo06-oj\/\" class=\"woocommerce-LoopProduct-link woocommerce-loop-product__link\"><img width=\"663\" height=\"663\" src=\"https:\/\/www.lesmerveillesdupacifique.com\/wp-content\/uploads\/2022\/11\/BOO06-OJ-663x663.jpg\" class=\"attachment-woocommerce_thumbnail size-woocommerce_thumbnail\" alt=\"\" loading=\"lazy\" srcset=\"https:\/\/www.lesmerveillesdupacifique.com\/wp-content\/uploads\/2022\/11\/BOO06-OJ-663x663.jpg 663w, https:\/\/www.lesmerveillesdupacifique.com\/wp-content\/uploads\/2022\/11\/BOO06-OJ-150x150.jpg 150w, https:\/\/www.lesmerveillesdupacifique.com\/wp-content\/uploads\/2022\/11\/BOO06-OJ-660x660.jpg 660w\" sizes=\"(max-width: 663px) 100vw, 663px\" \/><img width=\"663\" height=\"663\" src=\"https:\/\/www.lesmerveillesdupacifique.com\/wp-content\/uploads\/2019\/02\/MBP35682-scaled-663x663.jpg\" class=\"attachment-woocommerce_thumbnail size-woocommerce_thumbnail hover-image\" alt=\"\" loading=\"lazy\" srcset=\"https:\/\/www.lesmerveillesdupacifique.com\/wp-content\/uploads\/2019\/02\/MBP35682-scaled-663x663.jpg 663w, https:\/\/www.lesmerveillesdupacifique.com\/wp-content\/uploads\/2019\/02\/MBP35682-150x150.jpg 150w\" sizes=\"(max-width: 663px) 100vw, 663px\" \/><\/a><\/div><div class=\"product-summary\"><h2 class=\"woocommerce-loop-product__title\"><a href=\"https:\/\/www.lesmerveillesdupacifique.com\/fr\/produit\/boo06-oj\/\" class=\"woocommerce-LoopProduct-link woocommerce-loop-product__link\">Boucles d&rsquo;oreilles or et perles rondes &#8211; BOO06 OJ<\/a><\/h2><div class=\"buttons clearfix\"><a href=\"?add-to-cart=1981\" data-quantity=\"1\" class=\"button product_type_simple add_to_cart_button ajax_add_to_cart woocommerce-loop-product__button\" data-product_id=\"1981\" data-product_sku=\"\" aria-label=\"Ajouter &ldquo;Boucles d&#039;oreilles or et perles rondes - BOO06 OJ&rdquo; \u00e0 votre panier\" rel=\"nofollow\">Ajouter au panier<\/a><a href=\"\/fr\/wp-json\/wp\/v2\/pages\/3814?add_to_wishlist=1981\" data-product_id=\"1981\" data-product_type=\"simple\" class=\"button add-to-wishlist-button add-to-wishlist-1981 \" rel=\"nofollow\">\n\t\t\t\t<span class=\"add-to-wishlist add\">\n\t\t\t\t\t<span class=\"svg-icon icon-heart-o size-normal \"><svg role=\"img\"> <use href=\"#heart-o\" xlink:href=\"#heart-o\"><\/use> <\/svg><\/span>\n\t\t\t\t\t<span class=\"screen-reader-text button-text\">Ajouter aux favoris<\/span>\n\t\t\t\t<\/span>\n\t\t\t\t<span class=\"adding-to-wishlist adding\">\n\t\t\t\t\t<span class=\"spinner\"><\/span>\n\t\t\t\t\t<span class=\"screen-reader-text button-text\">Ajout en cours<\/span>\n\t\t\t\t<\/span>\n\t\t\t\t<span class=\"brow-wishlist added\">\n\t\t\t\t\t<span class=\"svg-icon icon-heart size-normal \"><svg role=\"img\"> <use href=\"#heart\" xlink:href=\"#heart\"><\/use> <\/svg><\/span>\n\t\t\t\t\t<span class=\"screen-reader-text button-text\">Ajout\u00e9 aux favoris<\/span>\n\t\t\t\t<\/span>\n\t\t\t<\/a><\/div><\/div><\/div><\/li>\n<\/ul><\/div>[\/vc_column][\/vc_row][\/vc_section][vc_row full_width=\u00a0\u00bbstretch_row\u00a0\u00bb full_height=\u00a0\u00bbyes\u00a0\u00bb equal_height=\u00a0\u00bbyes\u00a0\u00bb parallax=\u00a0\u00bbcontent-moving\u00a0\u00bb css=\u00a0\u00bb.vc_custom_1589893954713{background-image: url(http:\/\/www.lesmerveillesdupacifique.com\/wp-content\/uploads\/2020\/05\/front-2.jpg?id=2131) !important;background-position: center;background-repeat: no-repeat !important;background-size: cover !important;}\u00a0\u00bb][vc_column width=\u00a0\u00bb1\/6&Prime;][\/vc_column][vc_column width=\u00a0\u00bb1\/6&Prime;][\/vc_column][vc_column width=\u00a0\u00bb1\/6&Prime;][\/vc_column][vc_column width=\u00a0\u00bb2\/6&Prime;][vc_column_text]<\/p>\n<h2 style=\"text-align: center;\"><span style=\"color: #ffffff;\">Chaque ann\u00e9e, nos designers imaginent une nouvelle collection de bijoux en perles de Tahiti qui s\u2019affirment sans d\u00e9tr\u00f4ner nos best-sellers.<\/span><\/h2>\n<p>[\/vc_column_text][vc_btn title=\u00a0\u00bbD\u00e9couvrez notre collection\u00a0\u00bb color=\u00a0\u00bbwhite\u00a0\u00bb align=\u00a0\u00bbcenter\u00a0\u00bb link=\u00a0\u00bburl:http%3A%2F%2Fwww.lesmerveillesdupacifique.com%2Fprod%2Fnotre-collection%2F|||\u00a0\u00bb el_class=\u00a0\u00bbcolor-light\u00a0\u00bb][\/vc_column][vc_column width=\u00a0\u00bb1\/6&Prime;][\/vc_column][\/vc_row][vc_row css=\u00a0\u00bb.vc_custom_1589893812305{padding-top: 100px !important;padding-bottom: 80px !important;background-position: center !important;background-repeat: no-repeat !important;background-size: cover !important;}\u00a0\u00bb][vc_column width=\u00a0\u00bb1\/6&Prime;][\/vc_column][vc_column width=\u00a0\u00bb2\/3&Prime;][vc_column_text]<\/p>\n<h2 style=\"text-align: center;\"><span style=\"color: #000000;\">Jeune, dynamique et dot\u00e9e d&rsquo;une s\u00e9rieuse expertise de la Perle de Culture de Tahiti, nous sommes l&rsquo;une des soci\u00e9t\u00e9s leaders sur le march\u00e9 de cette perle en France.<\/span><\/h2>\n<p>[\/vc_column_text][vc_column_text]<\/p>\n<p class=\"p1\" style=\"text-align: center;\">Promouvoir la beaut\u00e9 des perles de Tahiti est l&rsquo;objectif que nous nous sommes fix\u00e9s. L\u00e0 est notre talent, et nous sommes l&rsquo;une des rares enseignes capables de mettre en avant une gamme de perles aussi haute en couleur en France, mais \u00e9galement \u00e0 l&rsquo;\u00e9tranger. Notre vision \u00e0 360\u00b0 du march\u00e9 de la perle de culture de Tahiti et le succ\u00e8s rencontr\u00e9 sur les march\u00e9s europ\u00e9ens et hongkongais nous am\u00e8nent \u00e0 \u00e9tendre davantage notre savoir-faire \u00e0 l&rsquo;international.<\/p>\n<p>[\/vc_column_text][vc_btn title=\u00a0\u00bbEn savoir plus\u00a0\u00bb color=\u00a0\u00bbgreen\u00a0\u00bb align=\u00a0\u00bbcenter\u00a0\u00bb link=\u00a0\u00bburl:http%3A%2F%2Fwww.lesmerveillesdupacifique.com%2Fprod%2Fqui-nous-sommes%2F|||\u00a0\u00bb][\/vc_column][vc_column width=\u00a0\u00bb1\/6&Prime;][\/vc_column][\/vc_row][vc_row full_width=\u00a0\u00bbstretch_row\u00a0\u00bb parallax=\u00a0\u00bbcontent-moving\u00a0\u00bb parallax_image=\u00a0\u00bb778&Prime; css=\u00a0\u00bb.vc_custom_1589894000507{padding-top: 90px !important;padding-bottom: 80px !important;background-position: center;background-repeat: no-repeat !important;background-size: cover !important;}\u00a0\u00bb][vc_column width=\u00a0\u00bb1\/6&Prime;][\/vc_column][vc_column width=\u00a0\u00bb2\/3&Prime;][vc_column_text]<\/p>\n<h2 class=\"p1\" style=\"text-align: center; color: #ffffff;\">D\u00e9couvrez \u00e9galement nos collections sur notre stand dans les diff\u00e9rents salons en France et \u00e0 l\u2019international.<\/h2>\n<p>[\/vc_column_text][vc_btn title=\u00a0\u00bbEn savoir plus\u00a0\u00bb color=\u00a0\u00bbwhite\u00a0\u00bb align=\u00a0\u00bbcenter\u00a0\u00bb link=\u00a0\u00bburl:http%3A%2F%2Fwww.lesmerveillesdupacifique.com%2Fprod%2Factualite%2F|||\u00a0\u00bb el_class=\u00a0\u00bbcolor-light\u00a0\u00bb][\/vc_column][vc_column width=\u00a0\u00bb1\/6&Prime;][vc_raw_js]JTNDc2NyaXB0JTNFJTBBJTI0JTI4ZG9jdW1lbnQlMjkucmVhZHklMjhmdW5jdGlvbiUyOCUyOSUyMCU3QiUwQSUyMCUyMCUyMCUyNCUyOCUyNy5yaXBwbGUtaXQlMjclMjkucmlwcGxlcyUyOCU3QiUwQSUwOWltYWdlVXJsJTNBJTIwbnVsbCUyQyUwQSUwOXJlc29sdXRpb24lM0ElMjAyNTYlMkMlMEElMDlkcm9wUmFkaXVzJTNBJTIwMTQlMkMlMEElMDlwZXJ0dXJiYW5jZSUzQSUyMDAuMDElMkMlMEElMDlpbnRlcmFjdGl2ZSUzQSUyMHRydWUlMkMlMEElMjAlMjAlMjAlMjAlN0QlMjklM0IlMEElN0QlMjklM0IlMEElM0MlMkZzY3JpcHQlM0U=[\/vc_raw_js][\/vc_column][\/vc_row][vc_row][vc_column][vc_column_text]<\/p>\n<h2 class=\"insta-shop\" style=\"text-align: center;\">ACHETER SUR INSTAGRAM<\/h2>\n<p style=\"text-align: center;\"><\/p>\n<p>[\/vc_column_text][\/vc_column][\/vc_row][vc_row css=\u00a0\u00bb.vc_custom_1634808674177{padding-top: 30px !important;padding-bottom: 30px !important;}\u00a0\u00bb][vc_column width=\u00a0\u00bb1\/4&Prime;][vc_column_text]<\/p>\n<p class=\"bt-ico\" style=\"text-align: center;\"><img loading=\"lazy\" class=\"alignnone wp-image-3418 size-medium\" src=\"https:\/\/www.lesmerveillesdupacifique.com\/wp-content\/uploads\/2021\/10\/secure-1-300x238.jpg\" alt=\"\" width=\"300\" height=\"238\" srcset=\"https:\/\/www.lesmerveillesdupacifique.com\/wp-content\/uploads\/2021\/10\/secure-1-300x238.jpg 300w, https:\/\/www.lesmerveillesdupacifique.com\/wp-content\/uploads\/2021\/10\/secure-1-660x523.jpg 660w, https:\/\/www.lesmerveillesdupacifique.com\/wp-content\/uploads\/2021\/10\/secure-1-663x529.jpg 663w, https:\/\/www.lesmerveillesdupacifique.com\/wp-content\/uploads\/2021\/10\/secure-1.jpg 668w\" sizes=\"(max-width: 300px) 100vw, 300px\" \/><br \/>\nPAIEMENT<br \/>\n100% s\u00e9curis\u00e9<\/p>\n<p>[\/vc_column_text][\/vc_column][vc_column width=\u00a0\u00bb1\/4&Prime;][vc_column_text]<\/p>\n<p class=\"bt-ico\" style=\"text-align: center;\"><img loading=\"lazy\" class=\"alignnone wp-image-3420 size-medium\" src=\"https:\/\/www.lesmerveillesdupacifique.com\/wp-content\/uploads\/2021\/10\/delivery-300x238.jpg\" alt=\"\" width=\"300\" height=\"238\" srcset=\"https:\/\/www.lesmerveillesdupacifique.com\/wp-content\/uploads\/2021\/10\/delivery-300x238.jpg 300w, https:\/\/www.lesmerveillesdupacifique.com\/wp-content\/uploads\/2021\/10\/delivery-660x523.jpg 660w, https:\/\/www.lesmerveillesdupacifique.com\/wp-content\/uploads\/2021\/10\/delivery-663x529.jpg 663w, https:\/\/www.lesmerveillesdupacifique.com\/wp-content\/uploads\/2021\/10\/delivery.jpg 668w\" sizes=\"(max-width: 300px) 100vw, 300px\" \/><br \/>\nLIVRAISON GRATUITE<br \/>\n\u00e0 partir de 300\u20ac<\/p>\n<p>[\/vc_column_text][\/vc_column][vc_column width=\u00a0\u00bb1\/4&Prime;][vc_column_text]<\/p>\n<p class=\"bt-ico\" style=\"text-align: center;\"><img loading=\"lazy\" class=\"alignnone wp-image-3424 size-medium\" src=\"https:\/\/www.lesmerveillesdupacifique.com\/wp-content\/uploads\/2021\/10\/service-1-300x238.jpg\" alt=\"\" width=\"300\" height=\"238\" srcset=\"https:\/\/www.lesmerveillesdupacifique.com\/wp-content\/uploads\/2021\/10\/service-1-300x238.jpg 300w, https:\/\/www.lesmerveillesdupacifique.com\/wp-content\/uploads\/2021\/10\/service-1-660x523.jpg 660w, https:\/\/www.lesmerveillesdupacifique.com\/wp-content\/uploads\/2021\/10\/service-1-663x529.jpg 663w, https:\/\/www.lesmerveillesdupacifique.com\/wp-content\/uploads\/2021\/10\/service-1.jpg 668w\" sizes=\"(max-width: 300px) 100vw, 300px\" \/><br \/>\nSERVICE<br \/>\nclient<\/p>\n<p>[\/vc_column_text][\/vc_column][vc_column width=\u00a0\u00bb1\/4&Prime;][vc_column_text]<\/p>\n<p class=\"bt-ico\" style=\"text-align: center;\"><img loading=\"lazy\" class=\"alignnone wp-image-3421 size-medium\" src=\"https:\/\/www.lesmerveillesdupacifique.com\/wp-content\/uploads\/2021\/10\/geoloc-300x238.jpg\" alt=\"\" width=\"300\" height=\"238\" srcset=\"https:\/\/www.lesmerveillesdupacifique.com\/wp-content\/uploads\/2021\/10\/geoloc-300x238.jpg 300w, https:\/\/www.lesmerveillesdupacifique.com\/wp-content\/uploads\/2021\/10\/geoloc-660x523.jpg 660w, https:\/\/www.lesmerveillesdupacifique.com\/wp-content\/uploads\/2021\/10\/geoloc-663x529.jpg 663w, https:\/\/www.lesmerveillesdupacifique.com\/wp-content\/uploads\/2021\/10\/geoloc.jpg 668w\" sizes=\"(max-width: 300px) 100vw, 300px\" \/><br \/>\nCLICK &amp; COLLECT<br \/>\nen 2h offert<\/p>\n<p>[\/vc_column_text][\/vc_column][\/vc_row]<\/p>","protected":false},"excerpt":{"rendered":"<p>[vc_section full_width=\u00a0\u00bbstretch_row\u00a0\u00bb full_height=\u00a0\u00bbyes\u00a0\u00bb content_placement=\u00a0\u00bbmiddle\u00a0\u00bb css_animation=\u00a0\u00bbnone\u00a0\u00bb css=\u00a0\u00bb.vc_custom_1618582169298{background-image: url(https:\/\/www.lesmerveillesdupacifique.com\/wp-content\/uploads\/2021\/04\/reiseuhu-5SOTm1RlCmg-unsplash-1-scaled.jpg?id=3257) !important;background-position: center !important;background-repeat: no-repeat !important;background-size: cover !important;}\u00a0\u00bb el_class=\u00a0\u00bbripple-it\u00a0\u00bb][vc_row content_placement=\u00a0\u00bbmiddle\u00a0\u00bb css=\u00a0\u00bb.vc_custom_1591890579297{margin-top: 50px !important;}\u00a0\u00bb][vc_column el_class=\u00a0\u00bbspecial-wrapper\u00a0\u00bb][vc_column_text] Importateur de Perles de Culture de Tahiti depuis 2009 En&hellip;<\/p>\n","protected":false},"author":6,"featured_media":0,"parent":0,"menu_order":0,"comment_status":"closed","ping_status":"open","template":"templates\/large-container.php","meta":{"_mi_skip_tracking":false},"yoast_head":"<!-- This site is optimized with the Yoast SEO plugin v18.3 - https:\/\/yoast.com\/wordpress\/plugins\/seo\/ -->\n<title>Les Merveilles du Pacifique - Importateur et grossiste de perles de Tahiti depuis 2009<\/title>\n<meta name=\"description\" content=\"Jeune, dynamique et dot\u00e9e d\u2019une s\u00e9rieuse expertise de la Perle de Culture de Tahiti, nous sommes l\u2019une des soci\u00e9t\u00e9s leaders sur le march\u00e9 de cette perle en France.\" \/>\n<meta name=\"robots\" content=\"index, follow, max-snippet:-1, max-image-preview:large, max-video-preview:-1\" \/>\n<link rel=\"canonical\" href=\"https:\/\/www.lesmerveillesdupacifique.com\/fr\/accueil\/\" \/>\n<meta property=\"og:locale\" content=\"fr_FR\" \/>\n<meta property=\"og:type\" content=\"article\" \/>\n<meta property=\"og:title\" content=\"Les Merveilles du Pacifique - Importateur et grossiste de perles de Tahiti depuis 2009\" \/>\n<meta property=\"og:description\" content=\"Jeune, dynamique et dot\u00e9e d\u2019une s\u00e9rieuse expertise de la Perle de Culture de Tahiti, nous sommes l\u2019une des soci\u00e9t\u00e9s leaders sur le march\u00e9 de cette perle en France.\" \/>\n<meta property=\"og:url\" content=\"https:\/\/www.lesmerveillesdupacifique.com\/accueil\/\" \/>\n<meta property=\"og:site_name\" content=\"Les Merveilles du Pacifique\" \/>\n<meta property=\"og:image\" content=\"https:\/\/www.lesmerveillesdupacifique.com\/wp-content\/uploads\/2021\/10\/secure-1-300x238.jpg\" \/>\n<meta name=\"twitter:card\" content=\"summary_large_image\" \/>\n<meta name=\"twitter:label1\" content=\"Dur\u00e9e de lecture estim\u00e9e\" \/>\n\t<meta name=\"twitter:data1\" content=\"3 minutes\" \/>\n<script type=\"application\/ld+json\" class=\"yoast-schema-graph\">{\"@context\":\"https:\/\/schema.org\",\"@graph\":[{\"@type\":\"WebSite\",\"@id\":\"https:\/\/www.lesmerveillesdupacifique.com\/fr\/#website\",\"url\":\"https:\/\/www.lesmerveillesdupacifique.com\/fr\/\",\"name\":\"Les Merveilles du Pacifique\",\"description\":\"Perles de culture de Tahiti\",\"potentialAction\":[{\"@type\":\"SearchAction\",\"target\":{\"@type\":\"EntryPoint\",\"urlTemplate\":\"https:\/\/www.lesmerveillesdupacifique.com\/fr\/?s={search_term_string}\"},\"query-input\":\"required name=search_term_string\"}],\"inLanguage\":\"fr-FR\"},{\"@type\":\"ImageObject\",\"@id\":\"https:\/\/www.lesmerveillesdupacifique.com\/accueil\/#primaryimage\",\"inLanguage\":\"fr-FR\",\"url\":\"https:\/\/www.lesmerveillesdupacifique.com\/wp-content\/uploads\/2021\/10\/secure-1.jpg\",\"contentUrl\":\"https:\/\/www.lesmerveillesdupacifique.com\/wp-content\/uploads\/2021\/10\/secure-1.jpg\",\"width\":668,\"height\":529},{\"@type\":\"WebPage\",\"@id\":\"https:\/\/www.lesmerveillesdupacifique.com\/accueil\/#webpage\",\"url\":\"https:\/\/www.lesmerveillesdupacifique.com\/accueil\/\",\"name\":\"Les Merveilles du Pacifique - Importateur et grossiste de perles de Tahiti depuis 2009\",\"isPartOf\":{\"@id\":\"https:\/\/www.lesmerveillesdupacifique.com\/fr\/#website\"},\"primaryImageOfPage\":{\"@id\":\"https:\/\/www.lesmerveillesdupacifique.com\/accueil\/#primaryimage\"},\"datePublished\":\"2025-04-14T09:45:49+00:00\",\"dateModified\":\"2025-04-14T09:45:49+00:00\",\"description\":\"Jeune, dynamique et dot\u00e9e d\u2019une s\u00e9rieuse expertise de la Perle de Culture de Tahiti, nous sommes l\u2019une des soci\u00e9t\u00e9s leaders sur le march\u00e9 de cette perle en France.\",\"breadcrumb\":{\"@id\":\"https:\/\/www.lesmerveillesdupacifique.com\/accueil\/#breadcrumb\"},\"inLanguage\":\"fr-FR\",\"potentialAction\":[{\"@type\":\"ReadAction\",\"target\":[\"https:\/\/www.lesmerveillesdupacifique.com\/accueil\/\"]}]},{\"@type\":\"BreadcrumbList\",\"@id\":\"https:\/\/www.lesmerveillesdupacifique.com\/accueil\/#breadcrumb\",\"itemListElement\":[{\"@type\":\"ListItem\",\"position\":1,\"name\":\"Accueil\",\"item\":\"https:\/\/www.lesmerveillesdupacifique.com\/\"},{\"@type\":\"ListItem\",\"position\":2,\"name\":\"Accueil\"}]}]}<\/script>\n<!-- \/ Yoast SEO plugin. -->","yoast_head_json":{"title":"Les Merveilles du Pacifique - Importateur et grossiste de perles de Tahiti depuis 2009","description":"Jeune, dynamique et dot\u00e9e d\u2019une s\u00e9rieuse expertise de la Perle de Culture de Tahiti, nous sommes l\u2019une des soci\u00e9t\u00e9s leaders sur le march\u00e9 de cette perle en France.","robots":{"index":"index","follow":"follow","max-snippet":"max-snippet:-1","max-image-preview":"max-image-preview:large","max-video-preview":"max-video-preview:-1"},"canonical":"https:\/\/www.lesmerveillesdupacifique.com\/fr\/accueil\/","og_locale":"fr_FR","og_type":"article","og_title":"Les Merveilles du Pacifique - Importateur et grossiste de perles de Tahiti depuis 2009","og_description":"Jeune, dynamique et dot\u00e9e d\u2019une s\u00e9rieuse expertise de la Perle de Culture de Tahiti, nous sommes l\u2019une des soci\u00e9t\u00e9s leaders sur le march\u00e9 de cette perle en France.","og_url":"https:\/\/www.lesmerveillesdupacifique.com\/accueil\/","og_site_name":"Les Merveilles du Pacifique","og_image":[{"url":"https:\/\/www.lesmerveillesdupacifique.com\/wp-content\/uploads\/2021\/10\/secure-1-300x238.jpg"}],"twitter_card":"summary_large_image","twitter_misc":{"Dur\u00e9e de lecture estim\u00e9e":"3 minutes"},"schema":{"@context":"https:\/\/schema.org","@graph":[{"@type":"WebSite","@id":"https:\/\/www.lesmerveillesdupacifique.com\/fr\/#website","url":"https:\/\/www.lesmerveillesdupacifique.com\/fr\/","name":"Les Merveilles du Pacifique","description":"Perles de culture de Tahiti","potentialAction":[{"@type":"SearchAction","target":{"@type":"EntryPoint","urlTemplate":"https:\/\/www.lesmerveillesdupacifique.com\/fr\/?s={search_term_string}"},"query-input":"required name=search_term_string"}],"inLanguage":"fr-FR"},{"@type":"ImageObject","@id":"https:\/\/www.lesmerveillesdupacifique.com\/accueil\/#primaryimage","inLanguage":"fr-FR","url":"https:\/\/www.lesmerveillesdupacifique.com\/wp-content\/uploads\/2021\/10\/secure-1.jpg","contentUrl":"https:\/\/www.lesmerveillesdupacifique.com\/wp-content\/uploads\/2021\/10\/secure-1.jpg","width":668,"height":529},{"@type":"WebPage","@id":"https:\/\/www.lesmerveillesdupacifique.com\/accueil\/#webpage","url":"https:\/\/www.lesmerveillesdupacifique.com\/accueil\/","name":"Les Merveilles du Pacifique - Importateur et grossiste de perles de Tahiti depuis 2009","isPartOf":{"@id":"https:\/\/www.lesmerveillesdupacifique.com\/fr\/#website"},"primaryImageOfPage":{"@id":"https:\/\/www.lesmerveillesdupacifique.com\/accueil\/#primaryimage"},"datePublished":"2025-04-14T09:45:49+00:00","dateModified":"2025-04-14T09:45:49+00:00","description":"Jeune, dynamique et dot\u00e9e d\u2019une s\u00e9rieuse expertise de la Perle de Culture de Tahiti, nous sommes l\u2019une des soci\u00e9t\u00e9s leaders sur le march\u00e9 de cette perle en France.","breadcrumb":{"@id":"https:\/\/www.lesmerveillesdupacifique.com\/accueil\/#breadcrumb"},"inLanguage":"fr-FR","potentialAction":[{"@type":"ReadAction","target":["https:\/\/www.lesmerveillesdupacifique.com\/accueil\/"]}]},{"@type":"BreadcrumbList","@id":"https:\/\/www.lesmerveillesdupacifique.com\/accueil\/#breadcrumb","itemListElement":[{"@type":"ListItem","position":1,"name":"Accueil","item":"https:\/\/www.lesmerveillesdupacifique.com\/"},{"@type":"ListItem","position":2,"name":"Accueil"}]}]}},"acf":[],"_links":{"self":[{"href":"https:\/\/www.lesmerveillesdupacifique.com\/fr\/wp-json\/wp\/v2\/pages\/3814"}],"collection":[{"href":"https:\/\/www.lesmerveillesdupacifique.com\/fr\/wp-json\/wp\/v2\/pages"}],"about":[{"href":"https:\/\/www.lesmerveillesdupacifique.com\/fr\/wp-json\/wp\/v2\/types\/page"}],"author":[{"embeddable":true,"href":"https:\/\/www.lesmerveillesdupacifique.com\/fr\/wp-json\/wp\/v2\/users\/6"}],"replies":[{"embeddable":true,"href":"https:\/\/www.lesmerveillesdupacifique.com\/fr\/wp-json\/wp\/v2\/comments?post=3814"}],"version-history":[{"count":1,"href":"https:\/\/www.lesmerveillesdupacifique.com\/fr\/wp-json\/wp\/v2\/pages\/3814\/revisions"}],"predecessor-version":[{"id":4306,"href":"https:\/\/www.lesmerveillesdupacifique.com\/fr\/wp-json\/wp\/v2\/pages\/3814\/revisions\/4306"}],"wp:attachment":[{"href":"https:\/\/www.lesmerveillesdupacifique.com\/fr\/wp-json\/wp\/v2\/media?parent=3814"}],"curies":[{"name":"wp","href":"https:\/\/api.w.org\/{rel}","templated":true}]}}